{"id":9251,"date":"2025-10-28T10:40:08","date_gmt":"2025-10-28T10:40:08","guid":{"rendered":""},"modified":"2026-07-14T10:35:52","modified_gmt":"2026-07-14T08:35:52","slug":"favi-rouge-favre-vins","status":"publish","type":"product","link":"https:\/\/petitecave.ch\/de\/product\/favi-rouge-favre-vins\/","title":{"rendered":"Favi Rouge &#8211; Favre Vins"},"content":{"rendered":"<p class=\"PDq2pG_selectionAnchorContainer\" data-start=\"0\" data-end=\"80\"><span style=\"color: #000000;\"><strong data-start=\"0\" data-end=\"80\">Favi Rouge &#8211; Favre Vins | Un assemblage valaisan gourmand, fruit\u00e9 et \u00e9l\u00e9gant<\/strong><\/span><\/p>\n<p data-start=\"82\" data-end=\"382\"><span style=\"color: #000000;\">D\u00e9couvre le <strong data-start=\"94\" data-end=\"108\">Favi Rouge<\/strong> de <a style=\"color: #000000;\" href=\"https:\/\/favre-vins.ch\/\"><strong data-start=\"112\" data-end=\"126\">Favre Vins<\/strong><\/a>, un <a style=\"color: #000000;\" href=\"https:\/\/petitecave.ch\/de\/product-category\/vins\/?filter_categorie=vins-rouges&amp;filter_cepages=assemblage-rouge\">assemblage<\/a> harmonieux de <strong data-start=\"156\" data-end=\"170\">Pinot Noir<\/strong> et de <strong data-start=\"177\" data-end=\"186\">Syrah<\/strong>. Ce vin rouge du Valais s\u00e9duit par sa fra\u00eecheur, son fruit \u00e9clatant et ses tanins soyeux. Accessible et g\u00e9n\u00e9reux, il accompagne aussi bien les repas du quotidien que les instants de convivialit\u00e9.<\/span><\/p>\n<p data-start=\"384\" data-end=\"601\"><span style=\"color: #000000;\">Au nez, il d\u00e9voile un bouquet franc et expressif domin\u00e9 par les fruits rouges frais. Les ar\u00f4mes de framboise et de cassis s&rsquo;entrem\u00ealent avec de d\u00e9licates notes de bourgeon de cassis, apportant fra\u00eecheur et complexit\u00e9.<\/span><\/p>\n<p data-start=\"603\" data-end=\"887\"><span style=\"color: #000000;\">En bouche, l&rsquo;attaque est souple et gourmande. Les saveurs de framboise fra\u00eeche s&rsquo;expriment avec intensit\u00e9, soutenues par des tanins velout\u00e9s et une belle vivacit\u00e9. L&rsquo;ensemble offre un vin croquant, \u00e9quilibr\u00e9 et particuli\u00e8rement friand, qui invite naturellement \u00e0 reprendre une gorg\u00e9e.<\/span><\/p>\n<p class=\"PDq2pG_selectionAnchorContainer\" data-start=\"1240\" data-end=\"1268\"><span style=\"color: #000000;\"><strong data-start=\"1243\" data-end=\"1268\">Accords mets &amp; vins :<br \/>\n<\/strong>Sers-le avec une pi\u00e8ce de b\u0153uf grill\u00e9e, une assiette valaisanne, des r\u00f6stis, des charcuteries, des viandes blanches r\u00f4ties ou des fromages \u00e0 p\u00e2te mi-dure.<\/span><\/p>\n<p data-start=\"1426\" data-end=\"1452\"><span style=\"color: #000000;\"><strong data-start=\"1428\" data-end=\"1452\">Potentiel de garde :<br \/>\n<\/strong>\u00c0 d\u00e9guster d\u00e8s maintenant pour profiter de son fruit \u00e9clatant ou \u00e0 conserver <strong data-start=\"1531\" data-end=\"1544\">3 \u00e0 4 ans<\/strong> afin qu&rsquo;il gagne en complexit\u00e9 tout en conservant sa belle fra\u00eecheur.<\/span><\/p>","protected":false},"excerpt":{"rendered":"<p class=\"PDq2pG_selectionAnchorContainer\" data-start=\"0\" data-end=\"80\"><span style=\"color: #000000;\"><strong data-start=\"0\" data-end=\"80\">Favi Rouge &#8211; Favre Vins | Un assemblage valaisan gourmand, fruit\u00e9 et \u00e9l\u00e9gant<\/strong><\/span><\/p>\n<p data-start=\"82\" data-end=\"382\"><span style=\"color: #000000;\">D\u00e9couvre le <strong data-start=\"94\" data-end=\"108\">Favi Rouge AOC Valais<\/strong> de <strong data-start=\"112\" data-end=\"126\">Favre Vins<\/strong>, un assemblage harmonieux de <strong data-start=\"156\" data-end=\"170\">Pinot Noir<\/strong> et de <strong data-start=\"177\" data-end=\"186\">Syrah<\/strong>. Ce vin rouge s\u00e9duit par sa fra\u00eecheur, son fruit \u00e9clatant et ses tanins soyeux. Accessible et g\u00e9n\u00e9reux, il accompagne aussi bien les repas du quotidien que les instants de convivialit\u00e9.<\/span><\/p>","protected":false},"featured_media":20268,"comment_status":"open","ping_status":"closed","template":"","meta":[],"product_cat":[253],"product_tag":[],"class_list":["post-9251","product","type-product","status-publish","has-post-thumbnail","product_cat-vins","pa_categorie-vins-rouges","pa_color-rouge","pa_country-suisse","pa_packaging-carx12","pa_packaging-carx6","pa_volume-150-cl-vp","pa_volume-37-5-cl-2","pa_volume-50cl","pa_volume-75-cl","_wholesalex wsx-wholesalex-product","first","instock","taxable","shipping-taxable","purchasable","product-type-variable","has-default-attributes"],"yoast_head":"<!-- This site is optimized with the Yoast SEO plugin v28.3 - https:\/\/yoast.com\/product\/yoast-seo-wordpress\/ -->\n<title>Favi Rouge - Favre Vins | La Petite Cave du Chablais<\/title>\n<meta name=\"description\" content=\"D\u00e9couvre le Favi Rouge AOC Valais de Favre Vins, un assemblage harmonieux de Pinot Noir et de Syrah qui s\u00e9duit par sa fra\u00eecheur et ses tanins soyeux.\" \/>\n<meta name=\"robots\" content=\"index, follow, max-snippet:-1, max-image-preview:large, max-video-preview:-1\" \/>\n<link rel=\"canonical\" href=\"https:\/\/petitecave.ch\/de\/product\/favi-rouge-favre-vins\/\" \/>\n<meta property=\"og:locale\" content=\"de_DE\" \/>\n<meta property=\"og:type\" content=\"article\" \/>\n<meta property=\"og:title\" content=\"Favi Rouge - Favre Vins | La Petite Cave du Chablais\" \/>\n<meta property=\"og:description\" content=\"D\u00e9couvre le Favi Rouge AOC Valais de Favre Vins, un assemblage harmonieux de Pinot Noir et de Syrah qui s\u00e9duit par sa fra\u00eecheur et ses tanins soyeux.\" \/>\n<meta property=\"og:url\" content=\"https:\/\/petitecave.ch\/de\/product\/favi-rouge-favre-vins\/\" \/>\n<meta property=\"og:site_name\" content=\"La Petite Cave du Chablais\" \/>\n<meta property=\"article:publisher\" content=\"https:\/\/www.facebook.com\/LaPetiteCaveDuChablais\" \/>\n<meta property=\"article:modified_time\" content=\"2026-07-14T08:35:52+00:00\" \/>\n<meta property=\"og:image\" content=\"https:\/\/petitecave.ch\/wp-content\/uploads\/2025\/10\/Favi-Rouge-Favre-Vins-75cl.png\" \/>\n\t<meta property=\"og:image:width\" content=\"1000\" \/>\n\t<meta property=\"og:image:height\" content=\"1000\" \/>\n\t<meta property=\"og:image:type\" content=\"image\/png\" \/>\n<meta name=\"twitter:card\" content=\"summary_large_image\" \/>\n<meta name=\"twitter:label1\" content=\"Gesch\u00e4tzte Lesezeit\" \/>\n\t<meta name=\"twitter:data1\" content=\"2\u00a0Minuten\" \/>\n<script type=\"application\/ld+json\" class=\"yoast-schema-graph\">{\"@context\":\"https:\\\/\\\/schema.org\",\"@graph\":[{\"@type\":\"WebPage\",\"@id\":\"https:\\\/\\\/petitecave.ch\\\/product\\\/favi-rouge-favre-vins\\\/\",\"url\":\"https:\\\/\\\/petitecave.ch\\\/product\\\/favi-rouge-favre-vins\\\/\",\"name\":\"Favi Rouge - Favre Vins | La Petite Cave du Chablais\",\"isPartOf\":{\"@id\":\"https:\\\/\\\/petitecave.ch\\\/de\\\/#website\"},\"primaryImageOfPage\":{\"@id\":\"https:\\\/\\\/petitecave.ch\\\/product\\\/favi-rouge-favre-vins\\\/#primaryimage\"},\"image\":{\"@id\":\"https:\\\/\\\/petitecave.ch\\\/product\\\/favi-rouge-favre-vins\\\/#primaryimage\"},\"thumbnailUrl\":\"https:\\\/\\\/petitecave.ch\\\/wp-content\\\/uploads\\\/2025\\\/10\\\/Favi-Rouge-Favre-Vins-75cl.png\",\"datePublished\":\"2025-10-28T10:40:08+00:00\",\"dateModified\":\"2026-07-14T08:35:52+00:00\",\"description\":\"D\u00e9couvre le Favi Rouge AOC Valais de Favre Vins, un assemblage harmonieux de Pinot Noir et de Syrah qui s\u00e9duit par sa fra\u00eecheur et ses tanins soyeux.\",\"breadcrumb\":{\"@id\":\"https:\\\/\\\/petitecave.ch\\\/product\\\/favi-rouge-favre-vins\\\/#breadcrumb\"},\"inLanguage\":\"de-CH\",\"potentialAction\":[{\"@type\":\"ReadAction\",\"target\":[\"https:\\\/\\\/petitecave.ch\\\/product\\\/favi-rouge-favre-vins\\\/\"]}]},{\"@type\":\"ImageObject\",\"inLanguage\":\"de-CH\",\"@id\":\"https:\\\/\\\/petitecave.ch\\\/product\\\/favi-rouge-favre-vins\\\/#primaryimage\",\"url\":\"https:\\\/\\\/petitecave.ch\\\/wp-content\\\/uploads\\\/2025\\\/10\\\/Favi-Rouge-Favre-Vins-75cl.png\",\"contentUrl\":\"https:\\\/\\\/petitecave.ch\\\/wp-content\\\/uploads\\\/2025\\\/10\\\/Favi-Rouge-Favre-Vins-75cl.png\",\"width\":1000,\"height\":1000,\"caption\":\"Favi Rouge - Favre Vins 75cl\"},{\"@type\":\"BreadcrumbList\",\"@id\":\"https:\\\/\\\/petitecave.ch\\\/product\\\/favi-rouge-favre-vins\\\/#breadcrumb\",\"itemListElement\":[{\"@type\":\"ListItem\",\"position\":1,\"name\":\"Accueil\",\"item\":\"https:\\\/\\\/petitecave.ch\\\/\"},{\"@type\":\"ListItem\",\"position\":2,\"name\":\"Produkte\",\"item\":\"https:\\\/\\\/petitecave.ch\\\/de\\\/shop\\\/\"},{\"@type\":\"ListItem\",\"position\":3,\"name\":\"Favi Rouge &#8211; Favre Vins\"}]},{\"@type\":\"WebSite\",\"@id\":\"https:\\\/\\\/petitecave.ch\\\/de\\\/#website\",\"url\":\"https:\\\/\\\/petitecave.ch\\\/de\\\/\",\"name\":\"La Petite Cave du Chablais\",\"description\":\"Vins, bi\u00e8res et spiritueux en ligne !\",\"publisher\":{\"@id\":\"https:\\\/\\\/petitecave.ch\\\/de\\\/#organization\"},\"alternateName\":\"La Petite Cave\",\"potentialAction\":[{\"@type\":\"SearchAction\",\"target\":{\"@type\":\"EntryPoint\",\"urlTemplate\":\"https:\\\/\\\/petitecave.ch\\\/de\\\/?s={search_term_string}\"},\"query-input\":{\"@type\":\"PropertyValueSpecification\",\"valueRequired\":true,\"valueName\":\"search_term_string\"}}],\"inLanguage\":\"de-CH\"},{\"@type\":\"Organization\",\"@id\":\"https:\\\/\\\/petitecave.ch\\\/de\\\/#organization\",\"name\":\"La Petite Cave du Chablais S\u00e0rl\",\"url\":\"https:\\\/\\\/petitecave.ch\\\/de\\\/\",\"logo\":{\"@type\":\"ImageObject\",\"inLanguage\":\"de-CH\",\"@id\":\"https:\\\/\\\/petitecave.ch\\\/de\\\/#\\\/schema\\\/logo\\\/image\\\/\",\"url\":\"https:\\\/\\\/petitecave.ch\\\/wp-content\\\/uploads\\\/2025\\\/10\\\/petitecavelogo-removebg-preview.png\",\"contentUrl\":\"https:\\\/\\\/petitecave.ch\\\/wp-content\\\/uploads\\\/2025\\\/10\\\/petitecavelogo-removebg-preview.png\",\"width\":800,\"height\":200,\"caption\":\"La Petite Cave du Chablais S\u00e0rl\"},\"image\":{\"@id\":\"https:\\\/\\\/petitecave.ch\\\/de\\\/#\\\/schema\\\/logo\\\/image\\\/\"},\"sameAs\":[\"https:\\\/\\\/www.facebook.com\\\/LaPetiteCaveDuChablais\",\"https:\\\/\\\/www.instagram.com\\\/lapetitecaveduchablais\",\"https:\\\/\\\/www.linkedin.com\\\/company\\\/la-petite-cave-du-chablais\"]}]}<\/script>\n<!-- \/ Yoast SEO plugin. -->","yoast_head_json":{"title":"Favi Rouge - Favre Vins | La Petite Cave du Chablais","description":"D\u00e9couvre le Favi Rouge AOC Valais de Favre Vins, un assemblage harmonieux de Pinot Noir et de Syrah qui s\u00e9duit par sa fra\u00eecheur et ses tanins soyeux.","robots":{"index":"index","follow":"follow","max-snippet":"max-snippet:-1","max-image-preview":"max-image-preview:large","max-video-preview":"max-video-preview:-1"},"canonical":"https:\/\/petitecave.ch\/de\/product\/favi-rouge-favre-vins\/","og_locale":"de_DE","og_type":"article","og_title":"Favi Rouge - Favre Vins | La Petite Cave du Chablais","og_description":"D\u00e9couvre le Favi Rouge AOC Valais de Favre Vins, un assemblage harmonieux de Pinot Noir et de Syrah qui s\u00e9duit par sa fra\u00eecheur et ses tanins soyeux.","og_url":"https:\/\/petitecave.ch\/de\/product\/favi-rouge-favre-vins\/","og_site_name":"La Petite Cave du Chablais","article_publisher":"https:\/\/www.facebook.com\/LaPetiteCaveDuChablais","article_modified_time":"2026-07-14T08:35:52+00:00","og_image":[{"width":1000,"height":1000,"url":"https:\/\/petitecave.ch\/wp-content\/uploads\/2025\/10\/Favi-Rouge-Favre-Vins-75cl.png","type":"image\/png"}],"twitter_card":"summary_large_image","twitter_misc":{"Gesch\u00e4tzte Lesezeit":"2\u00a0Minuten"},"schema":{"@context":"https:\/\/schema.org","@graph":[{"@type":"WebPage","@id":"https:\/\/petitecave.ch\/product\/favi-rouge-favre-vins\/","url":"https:\/\/petitecave.ch\/product\/favi-rouge-favre-vins\/","name":"Favi Rouge - Favre Vins | La Petite Cave du Chablais","isPartOf":{"@id":"https:\/\/petitecave.ch\/de\/#website"},"primaryImageOfPage":{"@id":"https:\/\/petitecave.ch\/product\/favi-rouge-favre-vins\/#primaryimage"},"image":{"@id":"https:\/\/petitecave.ch\/product\/favi-rouge-favre-vins\/#primaryimage"},"thumbnailUrl":"https:\/\/petitecave.ch\/wp-content\/uploads\/2025\/10\/Favi-Rouge-Favre-Vins-75cl.png","datePublished":"2025-10-28T10:40:08+00:00","dateModified":"2026-07-14T08:35:52+00:00","description":"D\u00e9couvre le Favi Rouge AOC Valais de Favre Vins, un assemblage harmonieux de Pinot Noir et de Syrah qui s\u00e9duit par sa fra\u00eecheur et ses tanins soyeux.","breadcrumb":{"@id":"https:\/\/petitecave.ch\/product\/favi-rouge-favre-vins\/#breadcrumb"},"inLanguage":"de-CH","potentialAction":[{"@type":"ReadAction","target":["https:\/\/petitecave.ch\/product\/favi-rouge-favre-vins\/"]}]},{"@type":"ImageObject","inLanguage":"de-CH","@id":"https:\/\/petitecave.ch\/product\/favi-rouge-favre-vins\/#primaryimage","url":"https:\/\/petitecave.ch\/wp-content\/uploads\/2025\/10\/Favi-Rouge-Favre-Vins-75cl.png","contentUrl":"https:\/\/petitecave.ch\/wp-content\/uploads\/2025\/10\/Favi-Rouge-Favre-Vins-75cl.png","width":1000,"height":1000,"caption":"Favi Rouge - Favre Vins 75cl"},{"@type":"BreadcrumbList","@id":"https:\/\/petitecave.ch\/product\/favi-rouge-favre-vins\/#breadcrumb","itemListElement":[{"@type":"ListItem","position":1,"name":"Accueil","item":"https:\/\/petitecave.ch\/"},{"@type":"ListItem","position":2,"name":"Produkte","item":"https:\/\/petitecave.ch\/de\/shop\/"},{"@type":"ListItem","position":3,"name":"Favi Rouge &#8211; Favre Vins"}]},{"@type":"WebSite","@id":"https:\/\/petitecave.ch\/de\/#website","url":"https:\/\/petitecave.ch\/de\/","name":"Die kleine Keller des Chablais","description":"Vins, bi\u00e8res et spiritueux en ligne !","publisher":{"@id":"https:\/\/petitecave.ch\/de\/#organization"},"alternateName":"La Petite Cave","potentialAction":[{"@type":"SearchAction","target":{"@type":"EntryPoint","urlTemplate":"https:\/\/petitecave.ch\/de\/?s={search_term_string}"},"query-input":{"@type":"PropertyValueSpecification","valueRequired":true,"valueName":"search_term_string"}}],"inLanguage":"de-CH"},{"@type":"Organization","@id":"https:\/\/petitecave.ch\/de\/#organization","name":"La Petite Cave du Chablais S\u00e0rl","url":"https:\/\/petitecave.ch\/de\/","logo":{"@type":"ImageObject","inLanguage":"de-CH","@id":"https:\/\/petitecave.ch\/de\/#\/schema\/logo\/image\/","url":"https:\/\/petitecave.ch\/wp-content\/uploads\/2025\/10\/petitecavelogo-removebg-preview.png","contentUrl":"https:\/\/petitecave.ch\/wp-content\/uploads\/2025\/10\/petitecavelogo-removebg-preview.png","width":800,"height":200,"caption":"La Petite Cave du Chablais S\u00e0rl"},"image":{"@id":"https:\/\/petitecave.ch\/de\/#\/schema\/logo\/image\/"},"sameAs":["https:\/\/www.facebook.com\/LaPetiteCaveDuChablais","https:\/\/www.instagram.com\/lapetitecaveduchablais","https:\/\/www.linkedin.com\/company\/la-petite-cave-du-chablais"]}]}},"_links":{"self":[{"href":"https:\/\/petitecave.ch\/de\/wp-json\/wp\/v2\/product\/9251","targetHints":{"allow":["GET"]}}],"collection":[{"href":"https:\/\/petitecave.ch\/de\/wp-json\/wp\/v2\/product"}],"about":[{"href":"https:\/\/petitecave.ch\/de\/wp-json\/wp\/v2\/types\/product"}],"replies":[{"embeddable":true,"href":"https:\/\/petitecave.ch\/de\/wp-json\/wp\/v2\/comments?post=9251"}],"wp:featuredmedia":[{"embeddable":true,"href":"https:\/\/petitecave.ch\/de\/wp-json\/wp\/v2\/media\/20268"}],"wp:attachment":[{"href":"https:\/\/petitecave.ch\/de\/wp-json\/wp\/v2\/media?parent=9251"}],"wp:term":[{"taxonomy":"product_cat","embeddable":true,"href":"https:\/\/petitecave.ch\/de\/wp-json\/wp\/v2\/product_cat?post=9251"},{"taxonomy":"product_tag","embeddable":true,"href":"https:\/\/petitecave.ch\/de\/wp-json\/wp\/v2\/product_tag?post=9251"}],"curies":[{"name":"wp","href":"https:\/\/api.w.org\/{rel}","templated":true}]}}