{"id":9220,"date":"2026-06-18T10:00:39","date_gmt":"2026-06-18T08:00:39","guid":{"rendered":""},"modified":"2026-08-18T10:22:12","modified_gmt":"2026-08-18T08:22:12","slug":"blanc-de-noir-gregor-kuonen-70cl","status":"publish","type":"product","link":"https:\/\/petitecave.ch\/de\/product\/blanc-de-noir-gregor-kuonen-70cl\/","title":{"rendered":"Blanc De Noir &#8211; Gregor Kuonen"},"content":{"rendered":"<p data-start=\"0\" data-end=\"85\"><span style=\"color: #000000;\"><strong data-start=\"0\" data-end=\"83\">Blanc de Noir \u2013 Gregor Kuonen | L\u2019originalit\u00e9 d\u2019un blanc issu de raisins rouges<\/strong><\/span><\/p>\n<p data-start=\"87\" data-end=\"335\"><span style=\"color: #000000;\">D\u00e9couvre le <strong data-start=\"99\" data-end=\"133\">Blanc de Noir AOC Valais de <span style=\"color: #000000;\"><a style=\"color: #000000;\" href=\"https:\/\/gregor-kuonen.ch\/home\/?L=%200&amp;_gl=1*1u9ah1x*_up*MQ..*_gs*MQ..&amp;gclid=Cj0KCQjwrs7RBhDuARIsAIVfBD2oFdv9pNi7q2n_Tm3I4nWBcidehrtNoFkLrkhYhpcRAllpd2H74fIaAsn7EALw_wcB&amp;gbraid=0AAAAACaFKTRgE_YhyEg66cDe3CMtbncL5\">Gregor Kuonen<\/a><\/span><\/strong>, une cuv\u00e9e \u00e9l\u00e9gante et surprenante \u00e9labor\u00e9e \u00e0 partir de <strong><span style=\"color: #000000;\"><a style=\"color: #000000;\" href=\"https:\/\/petitecave.ch\/de\/product-category\/vins\/?filter_categorie=vins-rouges&amp;filter_cepages=pinot-noir\">Pinot Noir<\/a><\/span> vinifi\u00e9 en blanc.<\/strong> Un vin raffin\u00e9 qui allie fra\u00eecheur, finesse et richesse aromatique pour une exp\u00e9rience de d\u00e9gustation unique.<\/span><\/p>\n<p data-start=\"337\" data-end=\"612\"><span style=\"color: #000000;\">Au nez, il d\u00e9voile de d\u00e9licates <strong data-start=\"369\" data-end=\"428\">notes de fruits \u00e0 chair blanche, d\u2019agrumes et de fleurs<\/strong>, offrant une belle intensit\u00e9 aromatique. En bouche, l\u2019attaque est fra\u00eeche et harmonieuse, soutenue par une agr\u00e9able rondeur et une finale \u00e9l\u00e9gante qui apporte \u00e9quilibre et longueur.<\/span><\/p>\n<p data-start=\"792\" data-end=\"959\"><span style=\"color: #000000;\"><strong data-start=\"795\" data-end=\"820\">Accords mets &amp; vins :<\/strong><\/span><br data-start=\"820\" data-end=\"823\" \/><span style=\"color: #000000;\">Parfait \u00e0 l\u2019ap\u00e9ritif, avec des <strong data-start=\"854\" data-end=\"924\">poissons, fruits de mer, sushis, volailles ou fromages \u00e0 p\u00e2te dure<\/strong>, pour des accords tout en finesse.<\/span><\/p>","protected":false},"excerpt":{"rendered":"<p data-start=\"87\" data-end=\"335\"><span style=\"color: #000000;\">D\u00e9couvre le <strong data-start=\"99\" data-end=\"133\">Blanc de Noir de Gregor Kuonen<\/strong>, une cuv\u00e9e \u00e9l\u00e9gante et surprenante \u00e9labor\u00e9e \u00e0 partir de <strong>Pinot Noir vinifi\u00e9 en blanc.<\/strong> Un vin raffin\u00e9 qui allie fra\u00eecheur, finesse et richesse aromatique pour une exp\u00e9rience de d\u00e9gustation unique.Blanc De Noir &#8211; Gregor Kuonen<\/span><\/p>\n<p data-start=\"337\" data-end=\"612\"><span style=\"color: #000000;\">Au nez, il d\u00e9voile de d\u00e9licates <strong data-start=\"369\" data-end=\"428\">notes de fruits \u00e0 chair blanche, d\u2019agrumes et de fleurs<\/strong>, offrant une belle intensit\u00e9 aromatique. En bouche, l\u2019attaque est fra\u00eeche et harmonieuse, soutenue par une agr\u00e9able rondeur et une finale \u00e9l\u00e9gante qui apporte \u00e9quilibre et longueur.<\/span><\/p>","protected":false},"featured_media":20030,"comment_status":"open","ping_status":"closed","template":"","meta":[],"product_cat":[253],"product_tag":[],"class_list":["post-9220","product","type-product","status-publish","has-post-thumbnail","product_cat-vins","pa_categorie-vins-blancs","pa_color-blanc","pa_country-suisse","pa_packaging-carx6","pa_volume-70-cl","_wholesalex wsx-wholesalex-product","first","instock","taxable","shipping-taxable","purchasable","product-type-simple"],"yoast_head":"<!-- This site is optimized with the Yoast SEO plugin v28.4 - https:\/\/yoast.com\/product\/yoast-seo-wordpress\/ -->\n<title>Blanc De Noir - Gregor Kuonen | La Petite Cave du Chablais<\/title>\n<meta name=\"description\" content=\"D\u00e9couvre le Blanc de Noir de Gregor Kuonen, une cuv\u00e9e \u00e9l\u00e9gante et surprenante \u00e9labor\u00e9e \u00e0 partir de Pinot Noir vinifi\u00e9 en blanc.\" \/>\n<meta name=\"robots\" content=\"index, follow, max-snippet:-1, max-image-preview:large, max-video-preview:-1\" \/>\n<link rel=\"canonical\" href=\"https:\/\/petitecave.ch\/de\/product\/blanc-de-noir-gregor-kuonen-70cl\/\" \/>\n<meta property=\"og:locale\" content=\"de_DE\" \/>\n<meta property=\"og:type\" content=\"article\" \/>\n<meta property=\"og:title\" content=\"Blanc De Noir - Gregor Kuonen | La Petite Cave du Chablais\" \/>\n<meta property=\"og:description\" content=\"D\u00e9couvre le Blanc de Noir de Gregor Kuonen, une cuv\u00e9e \u00e9l\u00e9gante et surprenante \u00e9labor\u00e9e \u00e0 partir de Pinot Noir vinifi\u00e9 en blanc.\" \/>\n<meta property=\"og:url\" content=\"https:\/\/petitecave.ch\/de\/product\/blanc-de-noir-gregor-kuonen-70cl\/\" \/>\n<meta property=\"og:site_name\" content=\"La Petite Cave du Chablais\" \/>\n<meta property=\"article:publisher\" content=\"https:\/\/www.facebook.com\/LaPetiteCaveDuChablais\" \/>\n<meta property=\"article:modified_time\" content=\"2026-08-18T08:22:12+00:00\" \/>\n<meta property=\"og:image\" content=\"https:\/\/petitecave.ch\/wp-content\/uploads\/2025\/10\/Blanc-De-Noir-Gregor-Kuonen-70cl.png\" \/>\n\t<meta property=\"og:image:width\" content=\"1000\" \/>\n\t<meta property=\"og:image:height\" content=\"1000\" \/>\n\t<meta property=\"og:image:type\" content=\"image\/png\" \/>\n<meta name=\"twitter:card\" content=\"summary_large_image\" \/>\n<meta name=\"twitter:label1\" content=\"Gesch\u00e4tzte Lesezeit\" \/>\n\t<meta name=\"twitter:data1\" content=\"1\u00a0Minute\" \/>\n<script type=\"application\/ld+json\" class=\"yoast-schema-graph\">{\"@context\":\"https:\\\/\\\/schema.org\",\"@graph\":[{\"@type\":\"WebPage\",\"@id\":\"https:\\\/\\\/petitecave.ch\\\/product\\\/blanc-de-noir-gregor-kuonen-70cl\\\/\",\"url\":\"https:\\\/\\\/petitecave.ch\\\/product\\\/blanc-de-noir-gregor-kuonen-70cl\\\/\",\"name\":\"Blanc De Noir - Gregor Kuonen | La Petite Cave du Chablais\",\"isPartOf\":{\"@id\":\"https:\\\/\\\/petitecave.ch\\\/de\\\/#website\"},\"primaryImageOfPage\":{\"@id\":\"https:\\\/\\\/petitecave.ch\\\/product\\\/blanc-de-noir-gregor-kuonen-70cl\\\/#primaryimage\"},\"image\":{\"@id\":\"https:\\\/\\\/petitecave.ch\\\/product\\\/blanc-de-noir-gregor-kuonen-70cl\\\/#primaryimage\"},\"thumbnailUrl\":\"https:\\\/\\\/petitecave.ch\\\/wp-content\\\/uploads\\\/2025\\\/10\\\/Blanc-De-Noir-Gregor-Kuonen-70cl.png\",\"datePublished\":\"2026-06-18T08:00:39+00:00\",\"dateModified\":\"2026-08-18T08:22:12+00:00\",\"description\":\"D\u00e9couvre le Blanc de Noir de Gregor Kuonen, une cuv\u00e9e \u00e9l\u00e9gante et surprenante \u00e9labor\u00e9e \u00e0 partir de Pinot Noir vinifi\u00e9 en blanc.\",\"breadcrumb\":{\"@id\":\"https:\\\/\\\/petitecave.ch\\\/product\\\/blanc-de-noir-gregor-kuonen-70cl\\\/#breadcrumb\"},\"inLanguage\":\"de-CH\",\"potentialAction\":[{\"@type\":\"ReadAction\",\"target\":[\"https:\\\/\\\/petitecave.ch\\\/product\\\/blanc-de-noir-gregor-kuonen-70cl\\\/\"]}]},{\"@type\":\"ImageObject\",\"inLanguage\":\"de-CH\",\"@id\":\"https:\\\/\\\/petitecave.ch\\\/product\\\/blanc-de-noir-gregor-kuonen-70cl\\\/#primaryimage\",\"url\":\"https:\\\/\\\/petitecave.ch\\\/wp-content\\\/uploads\\\/2025\\\/10\\\/Blanc-De-Noir-Gregor-Kuonen-70cl.png\",\"contentUrl\":\"https:\\\/\\\/petitecave.ch\\\/wp-content\\\/uploads\\\/2025\\\/10\\\/Blanc-De-Noir-Gregor-Kuonen-70cl.png\",\"width\":1000,\"height\":1000,\"caption\":\"Blanc De Noir - Gregor Kuonen 70cl\"},{\"@type\":\"BreadcrumbList\",\"@id\":\"https:\\\/\\\/petitecave.ch\\\/product\\\/blanc-de-noir-gregor-kuonen-70cl\\\/#breadcrumb\",\"itemListElement\":[{\"@type\":\"ListItem\",\"position\":1,\"name\":\"Accueil\",\"item\":\"https:\\\/\\\/petitecave.ch\\\/\"},{\"@type\":\"ListItem\",\"position\":2,\"name\":\"Produkte\",\"item\":\"https:\\\/\\\/petitecave.ch\\\/de\\\/shop\\\/\"},{\"@type\":\"ListItem\",\"position\":3,\"name\":\"Blanc De Noir &#8211; Gregor Kuonen\"}]},{\"@type\":\"WebSite\",\"@id\":\"https:\\\/\\\/petitecave.ch\\\/de\\\/#website\",\"url\":\"https:\\\/\\\/petitecave.ch\\\/de\\\/\",\"name\":\"La Petite Cave du Chablais\",\"description\":\"Vins, bi\u00e8res et spiritueux en ligne !\",\"publisher\":{\"@id\":\"https:\\\/\\\/petitecave.ch\\\/de\\\/#organization\"},\"alternateName\":\"La Petite Cave\",\"potentialAction\":[{\"@type\":\"SearchAction\",\"target\":{\"@type\":\"EntryPoint\",\"urlTemplate\":\"https:\\\/\\\/petitecave.ch\\\/de\\\/?s={search_term_string}\"},\"query-input\":{\"@type\":\"PropertyValueSpecification\",\"valueRequired\":true,\"valueName\":\"search_term_string\"}}],\"inLanguage\":\"de-CH\"},{\"@type\":\"Organization\",\"@id\":\"https:\\\/\\\/petitecave.ch\\\/de\\\/#organization\",\"name\":\"La Petite Cave du Chablais S\u00e0rl\",\"url\":\"https:\\\/\\\/petitecave.ch\\\/de\\\/\",\"logo\":{\"@type\":\"ImageObject\",\"inLanguage\":\"de-CH\",\"@id\":\"https:\\\/\\\/petitecave.ch\\\/de\\\/#\\\/schema\\\/logo\\\/image\\\/\",\"url\":\"https:\\\/\\\/petitecave.ch\\\/wp-content\\\/uploads\\\/2025\\\/10\\\/petitecavelogo-removebg-preview.png\",\"contentUrl\":\"https:\\\/\\\/petitecave.ch\\\/wp-content\\\/uploads\\\/2025\\\/10\\\/petitecavelogo-removebg-preview.png\",\"width\":800,\"height\":200,\"caption\":\"La Petite Cave du Chablais S\u00e0rl\"},\"image\":{\"@id\":\"https:\\\/\\\/petitecave.ch\\\/de\\\/#\\\/schema\\\/logo\\\/image\\\/\"},\"sameAs\":[\"https:\\\/\\\/www.facebook.com\\\/LaPetiteCaveDuChablais\",\"https:\\\/\\\/www.instagram.com\\\/lapetitecaveduchablais\",\"https:\\\/\\\/www.linkedin.com\\\/company\\\/la-petite-cave-du-chablais\"]}]}<\/script>\n<!-- \/ Yoast SEO plugin. -->","yoast_head_json":{"title":"Blanc De Noir - Gregor Kuonen | La Petite Cave du Chablais","description":"D\u00e9couvre le Blanc de Noir de Gregor Kuonen, une cuv\u00e9e \u00e9l\u00e9gante et surprenante \u00e9labor\u00e9e \u00e0 partir de Pinot Noir vinifi\u00e9 en blanc.","robots":{"index":"index","follow":"follow","max-snippet":"max-snippet:-1","max-image-preview":"max-image-preview:large","max-video-preview":"max-video-preview:-1"},"canonical":"https:\/\/petitecave.ch\/de\/product\/blanc-de-noir-gregor-kuonen-70cl\/","og_locale":"de_DE","og_type":"article","og_title":"Blanc De Noir - Gregor Kuonen | La Petite Cave du Chablais","og_description":"D\u00e9couvre le Blanc de Noir de Gregor Kuonen, une cuv\u00e9e \u00e9l\u00e9gante et surprenante \u00e9labor\u00e9e \u00e0 partir de Pinot Noir vinifi\u00e9 en blanc.","og_url":"https:\/\/petitecave.ch\/de\/product\/blanc-de-noir-gregor-kuonen-70cl\/","og_site_name":"La Petite Cave du Chablais","article_publisher":"https:\/\/www.facebook.com\/LaPetiteCaveDuChablais","article_modified_time":"2026-08-18T08:22:12+00:00","og_image":[{"width":1000,"height":1000,"url":"https:\/\/petitecave.ch\/wp-content\/uploads\/2025\/10\/Blanc-De-Noir-Gregor-Kuonen-70cl.png","type":"image\/png"}],"twitter_card":"summary_large_image","twitter_misc":{"Gesch\u00e4tzte Lesezeit":"1\u00a0Minute"},"schema":{"@context":"https:\/\/schema.org","@graph":[{"@type":"WebPage","@id":"https:\/\/petitecave.ch\/product\/blanc-de-noir-gregor-kuonen-70cl\/","url":"https:\/\/petitecave.ch\/product\/blanc-de-noir-gregor-kuonen-70cl\/","name":"Blanc De Noir - Gregor Kuonen | La Petite Cave du Chablais","isPartOf":{"@id":"https:\/\/petitecave.ch\/de\/#website"},"primaryImageOfPage":{"@id":"https:\/\/petitecave.ch\/product\/blanc-de-noir-gregor-kuonen-70cl\/#primaryimage"},"image":{"@id":"https:\/\/petitecave.ch\/product\/blanc-de-noir-gregor-kuonen-70cl\/#primaryimage"},"thumbnailUrl":"https:\/\/petitecave.ch\/wp-content\/uploads\/2025\/10\/Blanc-De-Noir-Gregor-Kuonen-70cl.png","datePublished":"2026-06-18T08:00:39+00:00","dateModified":"2026-08-18T08:22:12+00:00","description":"D\u00e9couvre le Blanc de Noir de Gregor Kuonen, une cuv\u00e9e \u00e9l\u00e9gante et surprenante \u00e9labor\u00e9e \u00e0 partir de Pinot Noir vinifi\u00e9 en blanc.","breadcrumb":{"@id":"https:\/\/petitecave.ch\/product\/blanc-de-noir-gregor-kuonen-70cl\/#breadcrumb"},"inLanguage":"de-CH","potentialAction":[{"@type":"ReadAction","target":["https:\/\/petitecave.ch\/product\/blanc-de-noir-gregor-kuonen-70cl\/"]}]},{"@type":"ImageObject","inLanguage":"de-CH","@id":"https:\/\/petitecave.ch\/product\/blanc-de-noir-gregor-kuonen-70cl\/#primaryimage","url":"https:\/\/petitecave.ch\/wp-content\/uploads\/2025\/10\/Blanc-De-Noir-Gregor-Kuonen-70cl.png","contentUrl":"https:\/\/petitecave.ch\/wp-content\/uploads\/2025\/10\/Blanc-De-Noir-Gregor-Kuonen-70cl.png","width":1000,"height":1000,"caption":"Blanc De Noir - Gregor Kuonen 70cl"},{"@type":"BreadcrumbList","@id":"https:\/\/petitecave.ch\/product\/blanc-de-noir-gregor-kuonen-70cl\/#breadcrumb","itemListElement":[{"@type":"ListItem","position":1,"name":"Accueil","item":"https:\/\/petitecave.ch\/"},{"@type":"ListItem","position":2,"name":"Produkte","item":"https:\/\/petitecave.ch\/de\/shop\/"},{"@type":"ListItem","position":3,"name":"Blanc De Noir &#8211; Gregor Kuonen"}]},{"@type":"WebSite","@id":"https:\/\/petitecave.ch\/de\/#website","url":"https:\/\/petitecave.ch\/de\/","name":"Die kleine Keller des Chablais","description":"Vins, bi\u00e8res et spiritueux en ligne !","publisher":{"@id":"https:\/\/petitecave.ch\/de\/#organization"},"alternateName":"La Petite Cave","potentialAction":[{"@type":"SearchAction","target":{"@type":"EntryPoint","urlTemplate":"https:\/\/petitecave.ch\/de\/?s={search_term_string}"},"query-input":{"@type":"PropertyValueSpecification","valueRequired":true,"valueName":"search_term_string"}}],"inLanguage":"de-CH"},{"@type":"Organization","@id":"https:\/\/petitecave.ch\/de\/#organization","name":"La Petite Cave du Chablais S\u00e0rl","url":"https:\/\/petitecave.ch\/de\/","logo":{"@type":"ImageObject","inLanguage":"de-CH","@id":"https:\/\/petitecave.ch\/de\/#\/schema\/logo\/image\/","url":"https:\/\/petitecave.ch\/wp-content\/uploads\/2025\/10\/petitecavelogo-removebg-preview.png","contentUrl":"https:\/\/petitecave.ch\/wp-content\/uploads\/2025\/10\/petitecavelogo-removebg-preview.png","width":800,"height":200,"caption":"La Petite Cave du Chablais S\u00e0rl"},"image":{"@id":"https:\/\/petitecave.ch\/de\/#\/schema\/logo\/image\/"},"sameAs":["https:\/\/www.facebook.com\/LaPetiteCaveDuChablais","https:\/\/www.instagram.com\/lapetitecaveduchablais","https:\/\/www.linkedin.com\/company\/la-petite-cave-du-chablais"]}]}},"_links":{"self":[{"href":"https:\/\/petitecave.ch\/de\/wp-json\/wp\/v2\/product\/9220","targetHints":{"allow":["GET"]}}],"collection":[{"href":"https:\/\/petitecave.ch\/de\/wp-json\/wp\/v2\/product"}],"about":[{"href":"https:\/\/petitecave.ch\/de\/wp-json\/wp\/v2\/types\/product"}],"replies":[{"embeddable":true,"href":"https:\/\/petitecave.ch\/de\/wp-json\/wp\/v2\/comments?post=9220"}],"wp:featuredmedia":[{"embeddable":true,"href":"https:\/\/petitecave.ch\/de\/wp-json\/wp\/v2\/media\/20030"}],"wp:attachment":[{"href":"https:\/\/petitecave.ch\/de\/wp-json\/wp\/v2\/media?parent=9220"}],"wp:term":[{"taxonomy":"product_cat","embeddable":true,"href":"https:\/\/petitecave.ch\/de\/wp-json\/wp\/v2\/product_cat?post=9220"},{"taxonomy":"product_tag","embeddable":true,"href":"https:\/\/petitecave.ch\/de\/wp-json\/wp\/v2\/product_tag?post=9220"}],"curies":[{"name":"wp","href":"https:\/\/api.w.org\/{rel}","templated":true}]}}