{"id":9132,"date":"2025-10-28T10:38:24","date_gmt":"2025-10-28T10:38:24","guid":{"rendered":""},"modified":"2026-07-21T13:21:14","modified_gmt":"2026-07-21T11:21:14","slug":"taylors-vintage-port-vargellas-2015","status":"publish","type":"product","link":"https:\/\/petitecave.ch\/de\/product\/taylors-vintage-port-vargellas-2015\/","title":{"rendered":"Taylor&rsquo;s Vintage Port Vargellas 2015"},"content":{"rendered":"<p data-start=\"0\" data-end=\"121\"><span style=\"color: #000000;\"><strong data-start=\"0\" data-end=\"121\">Taylor&rsquo;s Quinta de Vargellas Vintage Port 2015 | Un Porto Vintage d&rsquo;exception, puissant et d&rsquo;une \u00e9l\u00e9gance remarquable<\/strong><\/span><\/p>\n<p data-start=\"123\" data-end=\"514\"><span style=\"color: #000000;\">D\u00e9couvre le <a style=\"color: #000000;\" href=\"https:\/\/www.taylor.pt\/en\/port-wine\/quinta-de-vargellas-vintage\/2015-vintage-port\"><strong data-start=\"135\" data-end=\"185\">Taylor&rsquo;s Quinta de Vargellas Vintage Port 2015<\/strong><\/a>, un <a style=\"color: #000000;\" href=\"https:\/\/petitecave.ch\/de\/product-category\/vins\/?filter_categorie=8061-porto\">Porto<\/a> d&rsquo;exception issu de l&rsquo;une des plus prestigieuses propri\u00e9t\u00e9s de la vall\u00e9e du Douro. \u00c9labor\u00e9 uniquement lors des meilleurs mill\u00e9simes, ce Vintage Port s\u00e9duit par sa profondeur, sa pr\u00e9cision aromatique et son impressionnant potentiel de garde. Il incarne parfaitement le style raffin\u00e9 et intemporel de la maison Taylor&rsquo;s.<\/span><\/p>\n<p data-start=\"516\" data-end=\"685\"><span style=\"color: #000000;\">\u00c0 l&rsquo;\u0153il, il d\u00e9voile une robe rubis profond au c\u0153ur presque noir, sublim\u00e9e par de d\u00e9licats reflets rouge violac\u00e9. Son intensit\u00e9 annonce un vin d&rsquo;une grande concentration.<\/span><br \/>\n<span style=\"color: #000000;\">Au nez, il r\u00e9v\u00e8le un bouquet complexe o\u00f9 les fruits noirs, la prune fra\u00eeche et le coing s&rsquo;entrem\u00ealent avec des notes d&rsquo;agrumes. Des nuances de muscade, d&rsquo;anis, de cacao, de jasmin et d&rsquo;herbes sauvages viennent enrichir cette palette aromatique, soutenue par une \u00e9l\u00e9gante touche min\u00e9rale.<\/span><br \/>\n<span style=\"color: #000000;\">En bouche, l&rsquo;attaque est ample et pr\u00e9cise. Les saveurs de fruits noirs s&rsquo;expriment avec une remarquable puret\u00e9, port\u00e9es par des tanins puissants, serr\u00e9s et parfaitement int\u00e9gr\u00e9s. La fra\u00eecheur naturelle \u00e9quilibre la richesse du vin, tandis que la finale, longue et intense, laisse une impression de finesse et de grande noblesse.<\/span><\/p>\n<p class=\"PDq2pG_selectionAnchorContainer\" data-start=\"1726\" data-end=\"1751\"><span style=\"color: #000000;\"><strong data-start=\"1726\" data-end=\"1751\">Accords mets &amp; vins :<br \/>\n<\/strong>Sers-le avec un Stilton, un Roquefort, un fromage affin\u00e9, un fondant au chocolat noir, une tarte aux fruits rouges, du gibier ou d\u00e9guste-le seul en fin de repas pour appr\u00e9cier toute sa complexit\u00e9.<\/span><\/p>\n<p data-start=\"1951\" data-end=\"1975\"><span style=\"color: #000000;\"><strong data-start=\"1951\" data-end=\"1975\">Potentiel de garde :<br \/>\n<\/strong>D\u00e9j\u00e0 impressionnant aujourd&rsquo;hui apr\u00e8s une l\u00e9g\u00e8re d\u00e9cantation, ce <strong data-start=\"2042\" data-end=\"2063\">Vintage Port 2015<\/strong> peut se conserver <strong data-start=\"2082\" data-end=\"2097\">30 \u00e0 40 ans<\/strong>, p\u00e9riode durant laquelle il d\u00e9veloppera des ar\u00f4mes encore plus complexes de fruits confits, de cacao, de cuir, de tabac et d&rsquo;\u00e9pices douces.<\/span><\/p>","protected":false},"excerpt":{"rendered":"<p data-start=\"0\" data-end=\"121\"><span style=\"color: #000000;\"><strong data-start=\"0\" data-end=\"121\">Taylor&rsquo;s Quinta de Vargellas Vintage Port 2015 | Un Porto Vintage d&rsquo;exception, puissant et d&rsquo;une \u00e9l\u00e9gance remarquable<\/strong><\/span><\/p>\n<p data-start=\"123\" data-end=\"514\"><span style=\"color: #000000;\">D\u00e9couvre le <strong data-start=\"135\" data-end=\"185\">Taylor&rsquo;s Quinta de Vargellas Vintage Port 2015<\/strong>, un Porto d&rsquo;exception issu de l&rsquo;une des plus prestigieuses propri\u00e9t\u00e9s de la vall\u00e9e du Douro. \u00c9labor\u00e9 uniquement lors des meilleurs mill\u00e9simes, ce Vintage Port s\u00e9duit par sa profondeur, sa pr\u00e9cision aromatique et son impressionnant potentiel de garde. Il incarne parfaitement le style raffin\u00e9 et intemporel de la maison Taylor&rsquo;s.<\/span><\/p>","protected":false},"featured_media":20468,"comment_status":"open","ping_status":"closed","template":"","meta":[],"product_cat":[253],"product_tag":[],"class_list":["post-9132","product","type-product","status-publish","has-post-thumbnail","product_cat-vins","pa_categorie-8061-porto","pa_color-rouge","pa_country-portugal","pa_volume-75-cl","_wholesalex wsx-wholesalex-product","first","instock","taxable","shipping-taxable","purchasable","product-type-simple"],"yoast_head":"<!-- This site is optimized with the Yoast SEO plugin v28.4 - https:\/\/yoast.com\/product\/yoast-seo-wordpress\/ -->\n<title>Taylor&#039;s Vintage Port Vargellas 2015 | La Petite Cave du Chablais<\/title>\n<meta name=\"description\" content=\"D\u00e9couvre le Taylor&#039;s Quinta de Vargellas Vintage Port 2015, un Porto d&#039;exception issu de l&#039;une des plus prestigieuses propri\u00e9t\u00e9s de la vall\u00e9e du Douro.\" \/>\n<meta name=\"robots\" content=\"index, follow, max-snippet:-1, max-image-preview:large, max-video-preview:-1\" \/>\n<link rel=\"canonical\" href=\"https:\/\/petitecave.ch\/de\/product\/taylors-vintage-port-vargellas-2015\/\" \/>\n<meta property=\"og:locale\" content=\"de_DE\" \/>\n<meta property=\"og:type\" content=\"article\" \/>\n<meta property=\"og:title\" content=\"Taylor&#039;s Vintage Port Vargellas 2015 | La Petite Cave du Chablais\" \/>\n<meta property=\"og:description\" content=\"D\u00e9couvre le Taylor&#039;s Quinta de Vargellas Vintage Port 2015, un Porto d&#039;exception issu de l&#039;une des plus prestigieuses propri\u00e9t\u00e9s de la vall\u00e9e du Douro.\" \/>\n<meta property=\"og:url\" content=\"https:\/\/petitecave.ch\/de\/product\/taylors-vintage-port-vargellas-2015\/\" \/>\n<meta property=\"og:site_name\" content=\"La Petite Cave du Chablais\" \/>\n<meta property=\"article:publisher\" content=\"https:\/\/www.facebook.com\/LaPetiteCaveDuChablais\" \/>\n<meta property=\"article:modified_time\" content=\"2026-07-21T11:21:14+00:00\" \/>\n<meta property=\"og:image\" content=\"https:\/\/petitecave.ch\/wp-content\/uploads\/2025\/10\/Taylors-Quinta-de-Vargellas-Vintage-Port-2015-75cl.png\" \/>\n\t<meta property=\"og:image:width\" content=\"1000\" \/>\n\t<meta property=\"og:image:height\" content=\"1000\" \/>\n\t<meta property=\"og:image:type\" content=\"image\/png\" \/>\n<meta name=\"twitter:card\" content=\"summary_large_image\" \/>\n<meta name=\"twitter:label1\" content=\"Gesch\u00e4tzte Lesezeit\" \/>\n\t<meta name=\"twitter:data1\" content=\"2\u00a0Minuten\" \/>\n<script type=\"application\/ld+json\" class=\"yoast-schema-graph\">{\"@context\":\"https:\\\/\\\/schema.org\",\"@graph\":[{\"@type\":\"WebPage\",\"@id\":\"https:\\\/\\\/petitecave.ch\\\/product\\\/taylors-vintage-port-vargellas-2015\\\/\",\"url\":\"https:\\\/\\\/petitecave.ch\\\/product\\\/taylors-vintage-port-vargellas-2015\\\/\",\"name\":\"Taylor's Vintage Port Vargellas 2015 | La Petite Cave du Chablais\",\"isPartOf\":{\"@id\":\"https:\\\/\\\/petitecave.ch\\\/de\\\/#website\"},\"primaryImageOfPage\":{\"@id\":\"https:\\\/\\\/petitecave.ch\\\/product\\\/taylors-vintage-port-vargellas-2015\\\/#primaryimage\"},\"image\":{\"@id\":\"https:\\\/\\\/petitecave.ch\\\/product\\\/taylors-vintage-port-vargellas-2015\\\/#primaryimage\"},\"thumbnailUrl\":\"https:\\\/\\\/petitecave.ch\\\/wp-content\\\/uploads\\\/2025\\\/10\\\/Taylors-Quinta-de-Vargellas-Vintage-Port-2015-75cl.png\",\"datePublished\":\"2025-10-28T10:38:24+00:00\",\"dateModified\":\"2026-07-21T11:21:14+00:00\",\"description\":\"D\u00e9couvre le Taylor's Quinta de Vargellas Vintage Port 2015, un Porto d'exception issu de l'une des plus prestigieuses propri\u00e9t\u00e9s de la vall\u00e9e du Douro.\",\"breadcrumb\":{\"@id\":\"https:\\\/\\\/petitecave.ch\\\/product\\\/taylors-vintage-port-vargellas-2015\\\/#breadcrumb\"},\"inLanguage\":\"de-CH\",\"potentialAction\":[{\"@type\":\"ReadAction\",\"target\":[\"https:\\\/\\\/petitecave.ch\\\/product\\\/taylors-vintage-port-vargellas-2015\\\/\"]}]},{\"@type\":\"ImageObject\",\"inLanguage\":\"de-CH\",\"@id\":\"https:\\\/\\\/petitecave.ch\\\/product\\\/taylors-vintage-port-vargellas-2015\\\/#primaryimage\",\"url\":\"https:\\\/\\\/petitecave.ch\\\/wp-content\\\/uploads\\\/2025\\\/10\\\/Taylors-Quinta-de-Vargellas-Vintage-Port-2015-75cl.png\",\"contentUrl\":\"https:\\\/\\\/petitecave.ch\\\/wp-content\\\/uploads\\\/2025\\\/10\\\/Taylors-Quinta-de-Vargellas-Vintage-Port-2015-75cl.png\",\"width\":1000,\"height\":1000,\"caption\":\"Taylor's Quinta de Vargellas Vintage Port 2015 75cl\"},{\"@type\":\"BreadcrumbList\",\"@id\":\"https:\\\/\\\/petitecave.ch\\\/product\\\/taylors-vintage-port-vargellas-2015\\\/#breadcrumb\",\"itemListElement\":[{\"@type\":\"ListItem\",\"position\":1,\"name\":\"Accueil\",\"item\":\"https:\\\/\\\/petitecave.ch\\\/\"},{\"@type\":\"ListItem\",\"position\":2,\"name\":\"Produkte\",\"item\":\"https:\\\/\\\/petitecave.ch\\\/de\\\/shop\\\/\"},{\"@type\":\"ListItem\",\"position\":3,\"name\":\"Taylor&rsquo;s Vintage Port Vargellas 2015\"}]},{\"@type\":\"WebSite\",\"@id\":\"https:\\\/\\\/petitecave.ch\\\/de\\\/#website\",\"url\":\"https:\\\/\\\/petitecave.ch\\\/de\\\/\",\"name\":\"La Petite Cave du Chablais\",\"description\":\"Vins, bi\u00e8res et spiritueux en ligne !\",\"publisher\":{\"@id\":\"https:\\\/\\\/petitecave.ch\\\/de\\\/#organization\"},\"alternateName\":\"La Petite Cave\",\"potentialAction\":[{\"@type\":\"SearchAction\",\"target\":{\"@type\":\"EntryPoint\",\"urlTemplate\":\"https:\\\/\\\/petitecave.ch\\\/de\\\/?s={search_term_string}\"},\"query-input\":{\"@type\":\"PropertyValueSpecification\",\"valueRequired\":true,\"valueName\":\"search_term_string\"}}],\"inLanguage\":\"de-CH\"},{\"@type\":\"Organization\",\"@id\":\"https:\\\/\\\/petitecave.ch\\\/de\\\/#organization\",\"name\":\"La Petite Cave du Chablais S\u00e0rl\",\"url\":\"https:\\\/\\\/petitecave.ch\\\/de\\\/\",\"logo\":{\"@type\":\"ImageObject\",\"inLanguage\":\"de-CH\",\"@id\":\"https:\\\/\\\/petitecave.ch\\\/de\\\/#\\\/schema\\\/logo\\\/image\\\/\",\"url\":\"https:\\\/\\\/petitecave.ch\\\/wp-content\\\/uploads\\\/2025\\\/10\\\/petitecavelogo-removebg-preview.png\",\"contentUrl\":\"https:\\\/\\\/petitecave.ch\\\/wp-content\\\/uploads\\\/2025\\\/10\\\/petitecavelogo-removebg-preview.png\",\"width\":800,\"height\":200,\"caption\":\"La Petite Cave du Chablais S\u00e0rl\"},\"image\":{\"@id\":\"https:\\\/\\\/petitecave.ch\\\/de\\\/#\\\/schema\\\/logo\\\/image\\\/\"},\"sameAs\":[\"https:\\\/\\\/www.facebook.com\\\/LaPetiteCaveDuChablais\",\"https:\\\/\\\/www.instagram.com\\\/lapetitecaveduchablais\",\"https:\\\/\\\/www.linkedin.com\\\/company\\\/la-petite-cave-du-chablais\"]}]}<\/script>\n<!-- \/ Yoast SEO plugin. -->","yoast_head_json":{"title":"Taylor's Vintage Port Vargellas 2015 | La Petite Cave du Chablais","description":"D\u00e9couvre le Taylor's Quinta de Vargellas Vintage Port 2015, un Porto d'exception issu de l'une des plus prestigieuses propri\u00e9t\u00e9s de la vall\u00e9e du Douro.","robots":{"index":"index","follow":"follow","max-snippet":"max-snippet:-1","max-image-preview":"max-image-preview:large","max-video-preview":"max-video-preview:-1"},"canonical":"https:\/\/petitecave.ch\/de\/product\/taylors-vintage-port-vargellas-2015\/","og_locale":"de_DE","og_type":"article","og_title":"Taylor's Vintage Port Vargellas 2015 | La Petite Cave du Chablais","og_description":"D\u00e9couvre le Taylor's Quinta de Vargellas Vintage Port 2015, un Porto d'exception issu de l'une des plus prestigieuses propri\u00e9t\u00e9s de la vall\u00e9e du Douro.","og_url":"https:\/\/petitecave.ch\/de\/product\/taylors-vintage-port-vargellas-2015\/","og_site_name":"La Petite Cave du Chablais","article_publisher":"https:\/\/www.facebook.com\/LaPetiteCaveDuChablais","article_modified_time":"2026-07-21T11:21:14+00:00","og_image":[{"width":1000,"height":1000,"url":"https:\/\/petitecave.ch\/wp-content\/uploads\/2025\/10\/Taylors-Quinta-de-Vargellas-Vintage-Port-2015-75cl.png","type":"image\/png"}],"twitter_card":"summary_large_image","twitter_misc":{"Gesch\u00e4tzte Lesezeit":"2\u00a0Minuten"},"schema":{"@context":"https:\/\/schema.org","@graph":[{"@type":"WebPage","@id":"https:\/\/petitecave.ch\/product\/taylors-vintage-port-vargellas-2015\/","url":"https:\/\/petitecave.ch\/product\/taylors-vintage-port-vargellas-2015\/","name":"Taylor's Vintage Port Vargellas 2015 | La Petite Cave du Chablais","isPartOf":{"@id":"https:\/\/petitecave.ch\/de\/#website"},"primaryImageOfPage":{"@id":"https:\/\/petitecave.ch\/product\/taylors-vintage-port-vargellas-2015\/#primaryimage"},"image":{"@id":"https:\/\/petitecave.ch\/product\/taylors-vintage-port-vargellas-2015\/#primaryimage"},"thumbnailUrl":"https:\/\/petitecave.ch\/wp-content\/uploads\/2025\/10\/Taylors-Quinta-de-Vargellas-Vintage-Port-2015-75cl.png","datePublished":"2025-10-28T10:38:24+00:00","dateModified":"2026-07-21T11:21:14+00:00","description":"D\u00e9couvre le Taylor's Quinta de Vargellas Vintage Port 2015, un Porto d'exception issu de l'une des plus prestigieuses propri\u00e9t\u00e9s de la vall\u00e9e du Douro.","breadcrumb":{"@id":"https:\/\/petitecave.ch\/product\/taylors-vintage-port-vargellas-2015\/#breadcrumb"},"inLanguage":"de-CH","potentialAction":[{"@type":"ReadAction","target":["https:\/\/petitecave.ch\/product\/taylors-vintage-port-vargellas-2015\/"]}]},{"@type":"ImageObject","inLanguage":"de-CH","@id":"https:\/\/petitecave.ch\/product\/taylors-vintage-port-vargellas-2015\/#primaryimage","url":"https:\/\/petitecave.ch\/wp-content\/uploads\/2025\/10\/Taylors-Quinta-de-Vargellas-Vintage-Port-2015-75cl.png","contentUrl":"https:\/\/petitecave.ch\/wp-content\/uploads\/2025\/10\/Taylors-Quinta-de-Vargellas-Vintage-Port-2015-75cl.png","width":1000,"height":1000,"caption":"Taylor's Quinta de Vargellas Vintage Port 2015 75cl"},{"@type":"BreadcrumbList","@id":"https:\/\/petitecave.ch\/product\/taylors-vintage-port-vargellas-2015\/#breadcrumb","itemListElement":[{"@type":"ListItem","position":1,"name":"Accueil","item":"https:\/\/petitecave.ch\/"},{"@type":"ListItem","position":2,"name":"Produkte","item":"https:\/\/petitecave.ch\/de\/shop\/"},{"@type":"ListItem","position":3,"name":"Taylor&rsquo;s Vintage Port Vargellas 2015"}]},{"@type":"WebSite","@id":"https:\/\/petitecave.ch\/de\/#website","url":"https:\/\/petitecave.ch\/de\/","name":"Die kleine Keller des Chablais","description":"Vins, bi\u00e8res et spiritueux en ligne !","publisher":{"@id":"https:\/\/petitecave.ch\/de\/#organization"},"alternateName":"La Petite Cave","potentialAction":[{"@type":"SearchAction","target":{"@type":"EntryPoint","urlTemplate":"https:\/\/petitecave.ch\/de\/?s={search_term_string}"},"query-input":{"@type":"PropertyValueSpecification","valueRequired":true,"valueName":"search_term_string"}}],"inLanguage":"de-CH"},{"@type":"Organization","@id":"https:\/\/petitecave.ch\/de\/#organization","name":"La Petite Cave du Chablais S\u00e0rl","url":"https:\/\/petitecave.ch\/de\/","logo":{"@type":"ImageObject","inLanguage":"de-CH","@id":"https:\/\/petitecave.ch\/de\/#\/schema\/logo\/image\/","url":"https:\/\/petitecave.ch\/wp-content\/uploads\/2025\/10\/petitecavelogo-removebg-preview.png","contentUrl":"https:\/\/petitecave.ch\/wp-content\/uploads\/2025\/10\/petitecavelogo-removebg-preview.png","width":800,"height":200,"caption":"La Petite Cave du Chablais S\u00e0rl"},"image":{"@id":"https:\/\/petitecave.ch\/de\/#\/schema\/logo\/image\/"},"sameAs":["https:\/\/www.facebook.com\/LaPetiteCaveDuChablais","https:\/\/www.instagram.com\/lapetitecaveduchablais","https:\/\/www.linkedin.com\/company\/la-petite-cave-du-chablais"]}]}},"_links":{"self":[{"href":"https:\/\/petitecave.ch\/de\/wp-json\/wp\/v2\/product\/9132","targetHints":{"allow":["GET"]}}],"collection":[{"href":"https:\/\/petitecave.ch\/de\/wp-json\/wp\/v2\/product"}],"about":[{"href":"https:\/\/petitecave.ch\/de\/wp-json\/wp\/v2\/types\/product"}],"replies":[{"embeddable":true,"href":"https:\/\/petitecave.ch\/de\/wp-json\/wp\/v2\/comments?post=9132"}],"wp:featuredmedia":[{"embeddable":true,"href":"https:\/\/petitecave.ch\/de\/wp-json\/wp\/v2\/media\/20468"}],"wp:attachment":[{"href":"https:\/\/petitecave.ch\/de\/wp-json\/wp\/v2\/media?parent=9132"}],"wp:term":[{"taxonomy":"product_cat","embeddable":true,"href":"https:\/\/petitecave.ch\/de\/wp-json\/wp\/v2\/product_cat?post=9132"},{"taxonomy":"product_tag","embeddable":true,"href":"https:\/\/petitecave.ch\/de\/wp-json\/wp\/v2\/product_tag?post=9132"}],"curies":[{"name":"wp","href":"https:\/\/api.w.org\/{rel}","templated":true}]}}