{"id":9131,"date":"2025-10-28T10:38:23","date_gmt":"2025-10-28T10:38:23","guid":{"rendered":""},"modified":"2026-07-21T13:21:44","modified_gmt":"2026-07-21T11:21:44","slug":"taylors-vintage-port-2018","status":"publish","type":"product","link":"https:\/\/petitecave.ch\/de\/product\/taylors-vintage-port-2018\/","title":{"rendered":"Taylor&rsquo;s Vintage Port 2018"},"content":{"rendered":"<p class=\"PDq2pG_selectionAnchorContainer\" data-start=\"0\" data-end=\"95\"><span style=\"color: #000000;\"><strong data-start=\"0\" data-end=\"95\">Taylor&rsquo;s Vintage Port 2018 | Un Porto Vintage d&rsquo;exception, puissant et taill\u00e9 pour la garde<\/strong><\/span><\/p>\n<p data-start=\"97\" data-end=\"460\"><span style=\"color: #000000;\">D\u00e9couvre le <strong data-start=\"109\" data-end=\"139\">Taylor&rsquo;s Vintage Port 2018<\/strong>, une cuv\u00e9e embl\u00e9matique produite uniquement lors des plus grands mill\u00e9simes. Issu d&rsquo;un assemblage des meilleurs vins des <strong data-start=\"261\" data-end=\"284\">Quinta de Vargellas<\/strong>, <strong data-start=\"286\" data-end=\"311\">Quinta de Terra Feita<\/strong> et <strong data-start=\"315\" data-end=\"334\">Quinta do Junco<\/strong>, ce Porto Vintage exprime toute la puissance, la pr\u00e9cision et l&rsquo;\u00e9l\u00e9gance qui font la renomm\u00e9e mondiale de la maison Taylor&rsquo;s.<\/span><\/p>\n<p data-start=\"462\" data-end=\"663\"><span style=\"color: #000000;\">\u00c0 l&rsquo;\u0153il, il d\u00e9voile une robe profonde au c\u0153ur violet-noir, sublim\u00e9e par de d\u00e9licats reflets pourpres. Son intensit\u00e9 annonce un vin d&rsquo;une concentration exceptionnelle et d&rsquo;un immense potentiel de garde.<\/span><br \/>\n<span style=\"color: #000000;\">Au nez, il r\u00e9v\u00e8le un bouquet spectaculaire de m\u00fbres, de cassis et de fruits noirs tr\u00e8s m\u00fbrs. Des notes de cerise, de moka, de p\u00e9tales de rose, de violette et d&rsquo;herbes sauvages viennent enrichir cette palette aromatique avec une grande finesse et une remarquable complexit\u00e9.<\/span><br \/>\n<span style=\"color: #000000;\">En bouche, l&rsquo;attaque est ample, riche et parfaitement ma\u00eetris\u00e9e. Les tanins, d&rsquo;une maturit\u00e9 remarquable, apportent structure, volume et profondeur sans jamais masquer la puret\u00e9 du fruit. La finale, longue et puissante, prolonge les saveurs de fruits noirs avec une fra\u00eecheur exceptionnelle et une persistance presque infinie.<\/span><\/p>\n<p class=\"PDq2pG_selectionAnchorContainer\" data-start=\"1691\" data-end=\"1716\"><span style=\"color: #000000;\"><strong data-start=\"1691\" data-end=\"1716\">Accords mets &amp; vins :<br \/>\n<\/strong><\/span><span style=\"color: #000000;\">Sers-le apr\u00e8s une d\u00e9cantation avec un Stilton, un Roquefort, des fromages affin\u00e9s, un fondant au chocolat noir, une tarte aux fruits rouges ou d\u00e9guste-le seul comme vin de m\u00e9ditation.<\/span><\/p>\n<p data-start=\"1903\" data-end=\"1927\"><span style=\"color: #000000;\"><strong data-start=\"1903\" data-end=\"1927\">Potentiel de garde :<br \/>\n<\/strong><\/span><span style=\"color: #000000;\">\u00c0 appr\u00e9cier d\u00e8s aujourd&rsquo;hui apr\u00e8s plusieurs heures de d\u00e9cantation ou \u00e0 conserver <strong data-start=\"2010\" data-end=\"2025\">40 \u00e0 50 ans<\/strong>. Avec le temps, il d\u00e9veloppera des ar\u00f4mes complexes de fruits confits, de cacao, d&rsquo;\u00e9pices, de cuir et de tabac.<\/span><\/p>","protected":false},"excerpt":{"rendered":"<p class=\"PDq2pG_selectionAnchorContainer\" data-start=\"0\" data-end=\"95\"><span style=\"color: #000000;\"><strong data-start=\"0\" data-end=\"95\">Taylor&rsquo;s Vintage Port 2018 | Un Porto Vintage d&rsquo;exception, puissant et taill\u00e9 pour la garde<\/strong><\/span><\/p>\n<p data-start=\"97\" data-end=\"460\"><span style=\"color: #000000;\">D\u00e9couvre le <strong data-start=\"109\" data-end=\"139\">Taylor&rsquo;s Vintage Port 2018<\/strong>, une cuv\u00e9e embl\u00e9matique produite uniquement lors des plus grands mill\u00e9simes. Issu d&rsquo;un assemblage des meilleurs vins des <strong data-start=\"261\" data-end=\"284\">Quinta de Vargellas<\/strong>, <strong data-start=\"286\" data-end=\"311\">Quinta de Terra Feita<\/strong> et <strong data-start=\"315\" data-end=\"334\">Quinta do Junco<\/strong>, ce Porto Vintage exprime toute la puissance, la pr\u00e9cision et l&rsquo;\u00e9l\u00e9gance qui font la renomm\u00e9e mondiale de la maison Taylor&rsquo;s.<\/span><\/p>","protected":false},"featured_media":20471,"comment_status":"open","ping_status":"closed","template":"","meta":[],"product_cat":[253],"product_tag":[],"class_list":["post-9131","product","type-product","status-publish","has-post-thumbnail","product_cat-vins","pa_categorie-8061-porto","pa_color-rouge","pa_country-portugal","pa_volume-75-cl","_wholesalex wsx-wholesalex-product","first","instock","taxable","shipping-taxable","purchasable","product-type-simple"],"yoast_head":"<!-- This site is optimized with the Yoast SEO plugin v28.4 - https:\/\/yoast.com\/product\/yoast-seo-wordpress\/ -->\n<title>Taylor&#039;s Vintage Port 2018 | La Petite Cave du Chablais<\/title>\n<meta name=\"description\" content=\"Taylor&#039;s Vintage Port 2018, une cuv\u00e9e embl\u00e9matique qui exprime toute la puissance, la pr\u00e9cision et l&#039;\u00e9l\u00e9gance des plus grands mill\u00e9simes.\" \/>\n<meta name=\"robots\" content=\"index, follow, max-snippet:-1, max-image-preview:large, max-video-preview:-1\" \/>\n<link rel=\"canonical\" href=\"https:\/\/petitecave.ch\/de\/product\/taylors-vintage-port-2018\/\" \/>\n<meta property=\"og:locale\" content=\"de_DE\" \/>\n<meta property=\"og:type\" content=\"article\" \/>\n<meta property=\"og:title\" content=\"Taylor&#039;s Vintage Port 2018 | La Petite Cave du Chablais\" \/>\n<meta property=\"og:description\" content=\"Taylor&#039;s Vintage Port 2018, une cuv\u00e9e embl\u00e9matique qui exprime toute la puissance, la pr\u00e9cision et l&#039;\u00e9l\u00e9gance des plus grands mill\u00e9simes.\" \/>\n<meta property=\"og:url\" content=\"https:\/\/petitecave.ch\/de\/product\/taylors-vintage-port-2018\/\" \/>\n<meta property=\"og:site_name\" content=\"La Petite Cave du Chablais\" \/>\n<meta property=\"article:publisher\" content=\"https:\/\/www.facebook.com\/LaPetiteCaveDuChablais\" \/>\n<meta property=\"article:modified_time\" content=\"2026-07-21T11:21:44+00:00\" \/>\n<meta property=\"og:image\" content=\"https:\/\/petitecave.ch\/wp-content\/uploads\/2025\/10\/Taylors-Vintage-Port-2018-75cl.png\" \/>\n\t<meta property=\"og:image:width\" content=\"1000\" \/>\n\t<meta property=\"og:image:height\" content=\"1000\" \/>\n\t<meta property=\"og:image:type\" content=\"image\/png\" \/>\n<meta name=\"twitter:card\" content=\"summary_large_image\" \/>\n<meta name=\"twitter:label1\" content=\"Gesch\u00e4tzte Lesezeit\" \/>\n\t<meta name=\"twitter:data1\" content=\"2\u00a0Minuten\" \/>\n<script type=\"application\/ld+json\" class=\"yoast-schema-graph\">{\"@context\":\"https:\\\/\\\/schema.org\",\"@graph\":[{\"@type\":\"WebPage\",\"@id\":\"https:\\\/\\\/petitecave.ch\\\/product\\\/taylors-vintage-port-2018\\\/\",\"url\":\"https:\\\/\\\/petitecave.ch\\\/product\\\/taylors-vintage-port-2018\\\/\",\"name\":\"Taylor's Vintage Port 2018 | La Petite Cave du Chablais\",\"isPartOf\":{\"@id\":\"https:\\\/\\\/petitecave.ch\\\/de\\\/#website\"},\"primaryImageOfPage\":{\"@id\":\"https:\\\/\\\/petitecave.ch\\\/product\\\/taylors-vintage-port-2018\\\/#primaryimage\"},\"image\":{\"@id\":\"https:\\\/\\\/petitecave.ch\\\/product\\\/taylors-vintage-port-2018\\\/#primaryimage\"},\"thumbnailUrl\":\"https:\\\/\\\/petitecave.ch\\\/wp-content\\\/uploads\\\/2025\\\/10\\\/Taylors-Vintage-Port-2018-75cl.png\",\"datePublished\":\"2025-10-28T10:38:23+00:00\",\"dateModified\":\"2026-07-21T11:21:44+00:00\",\"description\":\"Taylor's Vintage Port 2018, une cuv\u00e9e embl\u00e9matique qui exprime toute la puissance, la pr\u00e9cision et l'\u00e9l\u00e9gance des plus grands mill\u00e9simes.\",\"breadcrumb\":{\"@id\":\"https:\\\/\\\/petitecave.ch\\\/product\\\/taylors-vintage-port-2018\\\/#breadcrumb\"},\"inLanguage\":\"de-CH\",\"potentialAction\":[{\"@type\":\"ReadAction\",\"target\":[\"https:\\\/\\\/petitecave.ch\\\/product\\\/taylors-vintage-port-2018\\\/\"]}]},{\"@type\":\"ImageObject\",\"inLanguage\":\"de-CH\",\"@id\":\"https:\\\/\\\/petitecave.ch\\\/product\\\/taylors-vintage-port-2018\\\/#primaryimage\",\"url\":\"https:\\\/\\\/petitecave.ch\\\/wp-content\\\/uploads\\\/2025\\\/10\\\/Taylors-Vintage-Port-2018-75cl.png\",\"contentUrl\":\"https:\\\/\\\/petitecave.ch\\\/wp-content\\\/uploads\\\/2025\\\/10\\\/Taylors-Vintage-Port-2018-75cl.png\",\"width\":1000,\"height\":1000,\"caption\":\"Taylor's Vintage Port 2018 75cl\"},{\"@type\":\"BreadcrumbList\",\"@id\":\"https:\\\/\\\/petitecave.ch\\\/product\\\/taylors-vintage-port-2018\\\/#breadcrumb\",\"itemListElement\":[{\"@type\":\"ListItem\",\"position\":1,\"name\":\"Accueil\",\"item\":\"https:\\\/\\\/petitecave.ch\\\/\"},{\"@type\":\"ListItem\",\"position\":2,\"name\":\"Produkte\",\"item\":\"https:\\\/\\\/petitecave.ch\\\/de\\\/shop\\\/\"},{\"@type\":\"ListItem\",\"position\":3,\"name\":\"Taylor&rsquo;s Vintage Port 2018\"}]},{\"@type\":\"WebSite\",\"@id\":\"https:\\\/\\\/petitecave.ch\\\/de\\\/#website\",\"url\":\"https:\\\/\\\/petitecave.ch\\\/de\\\/\",\"name\":\"La Petite Cave du Chablais\",\"description\":\"Vins, bi\u00e8res et spiritueux en ligne !\",\"publisher\":{\"@id\":\"https:\\\/\\\/petitecave.ch\\\/de\\\/#organization\"},\"alternateName\":\"La Petite Cave\",\"potentialAction\":[{\"@type\":\"SearchAction\",\"target\":{\"@type\":\"EntryPoint\",\"urlTemplate\":\"https:\\\/\\\/petitecave.ch\\\/de\\\/?s={search_term_string}\"},\"query-input\":{\"@type\":\"PropertyValueSpecification\",\"valueRequired\":true,\"valueName\":\"search_term_string\"}}],\"inLanguage\":\"de-CH\"},{\"@type\":\"Organization\",\"@id\":\"https:\\\/\\\/petitecave.ch\\\/de\\\/#organization\",\"name\":\"La Petite Cave du Chablais S\u00e0rl\",\"url\":\"https:\\\/\\\/petitecave.ch\\\/de\\\/\",\"logo\":{\"@type\":\"ImageObject\",\"inLanguage\":\"de-CH\",\"@id\":\"https:\\\/\\\/petitecave.ch\\\/de\\\/#\\\/schema\\\/logo\\\/image\\\/\",\"url\":\"https:\\\/\\\/petitecave.ch\\\/wp-content\\\/uploads\\\/2025\\\/10\\\/petitecavelogo-removebg-preview.png\",\"contentUrl\":\"https:\\\/\\\/petitecave.ch\\\/wp-content\\\/uploads\\\/2025\\\/10\\\/petitecavelogo-removebg-preview.png\",\"width\":800,\"height\":200,\"caption\":\"La Petite Cave du Chablais S\u00e0rl\"},\"image\":{\"@id\":\"https:\\\/\\\/petitecave.ch\\\/de\\\/#\\\/schema\\\/logo\\\/image\\\/\"},\"sameAs\":[\"https:\\\/\\\/www.facebook.com\\\/LaPetiteCaveDuChablais\",\"https:\\\/\\\/www.instagram.com\\\/lapetitecaveduchablais\",\"https:\\\/\\\/www.linkedin.com\\\/company\\\/la-petite-cave-du-chablais\"]}]}<\/script>\n<!-- \/ Yoast SEO plugin. -->","yoast_head_json":{"title":"Taylor's Vintage Port 2018 | La Petite Cave du Chablais","description":"Taylor's Vintage Port 2018, une cuv\u00e9e embl\u00e9matique qui exprime toute la puissance, la pr\u00e9cision et l'\u00e9l\u00e9gance des plus grands mill\u00e9simes.","robots":{"index":"index","follow":"follow","max-snippet":"max-snippet:-1","max-image-preview":"max-image-preview:large","max-video-preview":"max-video-preview:-1"},"canonical":"https:\/\/petitecave.ch\/de\/product\/taylors-vintage-port-2018\/","og_locale":"de_DE","og_type":"article","og_title":"Taylor's Vintage Port 2018 | La Petite Cave du Chablais","og_description":"Taylor's Vintage Port 2018, une cuv\u00e9e embl\u00e9matique qui exprime toute la puissance, la pr\u00e9cision et l'\u00e9l\u00e9gance des plus grands mill\u00e9simes.","og_url":"https:\/\/petitecave.ch\/de\/product\/taylors-vintage-port-2018\/","og_site_name":"La Petite Cave du Chablais","article_publisher":"https:\/\/www.facebook.com\/LaPetiteCaveDuChablais","article_modified_time":"2026-07-21T11:21:44+00:00","og_image":[{"width":1000,"height":1000,"url":"https:\/\/petitecave.ch\/wp-content\/uploads\/2025\/10\/Taylors-Vintage-Port-2018-75cl.png","type":"image\/png"}],"twitter_card":"summary_large_image","twitter_misc":{"Gesch\u00e4tzte Lesezeit":"2\u00a0Minuten"},"schema":{"@context":"https:\/\/schema.org","@graph":[{"@type":"WebPage","@id":"https:\/\/petitecave.ch\/product\/taylors-vintage-port-2018\/","url":"https:\/\/petitecave.ch\/product\/taylors-vintage-port-2018\/","name":"Taylor's Vintage Port 2018 | La Petite Cave du Chablais","isPartOf":{"@id":"https:\/\/petitecave.ch\/de\/#website"},"primaryImageOfPage":{"@id":"https:\/\/petitecave.ch\/product\/taylors-vintage-port-2018\/#primaryimage"},"image":{"@id":"https:\/\/petitecave.ch\/product\/taylors-vintage-port-2018\/#primaryimage"},"thumbnailUrl":"https:\/\/petitecave.ch\/wp-content\/uploads\/2025\/10\/Taylors-Vintage-Port-2018-75cl.png","datePublished":"2025-10-28T10:38:23+00:00","dateModified":"2026-07-21T11:21:44+00:00","description":"Taylor's Vintage Port 2018, une cuv\u00e9e embl\u00e9matique qui exprime toute la puissance, la pr\u00e9cision et l'\u00e9l\u00e9gance des plus grands mill\u00e9simes.","breadcrumb":{"@id":"https:\/\/petitecave.ch\/product\/taylors-vintage-port-2018\/#breadcrumb"},"inLanguage":"de-CH","potentialAction":[{"@type":"ReadAction","target":["https:\/\/petitecave.ch\/product\/taylors-vintage-port-2018\/"]}]},{"@type":"ImageObject","inLanguage":"de-CH","@id":"https:\/\/petitecave.ch\/product\/taylors-vintage-port-2018\/#primaryimage","url":"https:\/\/petitecave.ch\/wp-content\/uploads\/2025\/10\/Taylors-Vintage-Port-2018-75cl.png","contentUrl":"https:\/\/petitecave.ch\/wp-content\/uploads\/2025\/10\/Taylors-Vintage-Port-2018-75cl.png","width":1000,"height":1000,"caption":"Taylor's Vintage Port 2018 75cl"},{"@type":"BreadcrumbList","@id":"https:\/\/petitecave.ch\/product\/taylors-vintage-port-2018\/#breadcrumb","itemListElement":[{"@type":"ListItem","position":1,"name":"Accueil","item":"https:\/\/petitecave.ch\/"},{"@type":"ListItem","position":2,"name":"Produkte","item":"https:\/\/petitecave.ch\/de\/shop\/"},{"@type":"ListItem","position":3,"name":"Taylor&rsquo;s Vintage Port 2018"}]},{"@type":"WebSite","@id":"https:\/\/petitecave.ch\/de\/#website","url":"https:\/\/petitecave.ch\/de\/","name":"Die kleine Keller des Chablais","description":"Vins, bi\u00e8res et spiritueux en ligne !","publisher":{"@id":"https:\/\/petitecave.ch\/de\/#organization"},"alternateName":"La Petite Cave","potentialAction":[{"@type":"SearchAction","target":{"@type":"EntryPoint","urlTemplate":"https:\/\/petitecave.ch\/de\/?s={search_term_string}"},"query-input":{"@type":"PropertyValueSpecification","valueRequired":true,"valueName":"search_term_string"}}],"inLanguage":"de-CH"},{"@type":"Organization","@id":"https:\/\/petitecave.ch\/de\/#organization","name":"La Petite Cave du Chablais S\u00e0rl","url":"https:\/\/petitecave.ch\/de\/","logo":{"@type":"ImageObject","inLanguage":"de-CH","@id":"https:\/\/petitecave.ch\/de\/#\/schema\/logo\/image\/","url":"https:\/\/petitecave.ch\/wp-content\/uploads\/2025\/10\/petitecavelogo-removebg-preview.png","contentUrl":"https:\/\/petitecave.ch\/wp-content\/uploads\/2025\/10\/petitecavelogo-removebg-preview.png","width":800,"height":200,"caption":"La Petite Cave du Chablais S\u00e0rl"},"image":{"@id":"https:\/\/petitecave.ch\/de\/#\/schema\/logo\/image\/"},"sameAs":["https:\/\/www.facebook.com\/LaPetiteCaveDuChablais","https:\/\/www.instagram.com\/lapetitecaveduchablais","https:\/\/www.linkedin.com\/company\/la-petite-cave-du-chablais"]}]}},"_links":{"self":[{"href":"https:\/\/petitecave.ch\/de\/wp-json\/wp\/v2\/product\/9131","targetHints":{"allow":["GET"]}}],"collection":[{"href":"https:\/\/petitecave.ch\/de\/wp-json\/wp\/v2\/product"}],"about":[{"href":"https:\/\/petitecave.ch\/de\/wp-json\/wp\/v2\/types\/product"}],"replies":[{"embeddable":true,"href":"https:\/\/petitecave.ch\/de\/wp-json\/wp\/v2\/comments?post=9131"}],"wp:featuredmedia":[{"embeddable":true,"href":"https:\/\/petitecave.ch\/de\/wp-json\/wp\/v2\/media\/20471"}],"wp:attachment":[{"href":"https:\/\/petitecave.ch\/de\/wp-json\/wp\/v2\/media?parent=9131"}],"wp:term":[{"taxonomy":"product_cat","embeddable":true,"href":"https:\/\/petitecave.ch\/de\/wp-json\/wp\/v2\/product_cat?post=9131"},{"taxonomy":"product_tag","embeddable":true,"href":"https:\/\/petitecave.ch\/de\/wp-json\/wp\/v2\/product_tag?post=9131"}],"curies":[{"name":"wp","href":"https:\/\/api.w.org\/{rel}","templated":true}]}}