{"id":20360,"date":"2026-07-16T11:11:43","date_gmt":"2026-07-16T09:11:43","guid":{"rendered":"https:\/\/petitecave.ch\/?post_type=product&#038;p=20360"},"modified":"2026-07-20T13:12:13","modified_gmt":"2026-07-20T11:12:13","slug":"lampe-de-meduse-rose-chateau-sainte-roseline","status":"publish","type":"product","link":"https:\/\/petitecave.ch\/de\/product\/lampe-de-meduse-rose-chateau-sainte-roseline\/","title":{"rendered":"Lampe de M\u00e9duse Ros\u00e9 &#8211; Ch\u00e2teau Sainte Roseline"},"content":{"rendered":"<p class=\"PDq2pG_selectionAnchorContainer\" data-start=\"0\" data-end=\"98\"><span style=\"color: #000000;\"><strong data-start=\"0\" data-end=\"98\">Lampe de M\u00e9duse Ros\u00e9 &#8211; Ch\u00e2teau Sainte Roseline | Un ros\u00e9 de Provence \u00e9l\u00e9gant, frais et min\u00e9ral<\/strong><\/span><\/p>\n<p data-start=\"100\" data-end=\"391\"><span style=\"color: #000000;\">D\u00e9couvre le <strong data-start=\"112\" data-end=\"136\">Lampe de M\u00e9duse Ros\u00e9<\/strong> du <a style=\"color: #000000;\" href=\"https:\/\/www.sainte-roseline.com\/fr\/\"><strong data-start=\"140\" data-end=\"167\">Ch\u00e2teau Sainte Roseline<\/strong><\/a>, une cuv\u00e9e embl\u00e9matique de <a style=\"color: #000000;\" href=\"https:\/\/petitecave.ch\/de\/product-category\/vins\/?filter_categorie=vins-roses&amp;filter_area=provence\">Provence<\/a> qui s\u00e9duit par sa finesse, sa fra\u00eecheur et son \u00e9l\u00e9gance. \u00c9labor\u00e9 avec le plus grand soin, ce ros\u00e9 d\u00e9voile une expression raffin\u00e9e, id\u00e9ale pour les ap\u00e9ritifs comme pour les repas estivaux.<\/span><\/p>\n<p data-start=\"393\" data-end=\"558\"><span style=\"color: #000000;\">\u00c0 l&rsquo;\u0153il, il pr\u00e9sente une robe rose p\u00e2le aux d\u00e9licats reflets saumon\u00e9s, d&rsquo;une grande limpidit\u00e9. Son apparence \u00e9l\u00e9gante annonce un vin tout en finesse et en fra\u00eecheur.<\/span><br \/>\n<span style=\"color: #000000;\">Au nez, il d\u00e9voile un bouquet d\u00e9licat de jasmin, de rose et de fleurs blanches. Des notes de fruits frais viennent ensuite compl\u00e9ter cette palette aromatique, apportant gourmandise et subtilit\u00e9.<\/span><br \/>\n<span style=\"color: #000000;\">En bouche, l&rsquo;attaque est vive et harmonieuse. La fra\u00eecheur s&rsquo;\u00e9quilibre parfaitement avec une belle rondeur, tandis que la min\u00e9ralit\u00e9 apporte tension et \u00e9l\u00e9gance. La finale, longue et persistante, laisse une agr\u00e9able sensation de fra\u00eecheur.<\/span><\/p>\n<p class=\"PDq2pG_selectionAnchorContainer\" data-start=\"1321\" data-end=\"1346\"><span style=\"color: #000000;\"><strong data-start=\"1321\" data-end=\"1346\">Accords mets &amp; vins :<br \/>\n<\/strong>Sers-le entre <strong data-start=\"1362\" data-end=\"1376\">10 et 12\u00b0C<\/strong> avec des gambas grill\u00e9es \u00e0 l&rsquo;ail et au persil, un tartare de poisson, des linguine alle vongole, des l\u00e9gumes farcis \u00e0 la proven\u00e7ale ou une cuisine m\u00e9diterran\u00e9enne. Il accompagne \u00e9galement parfaitement les ap\u00e9ritifs en terrasse.<\/span><\/p>\n<p data-start=\"1606\" data-end=\"1630\"><span style=\"color: #000000;\"><strong data-start=\"1606\" data-end=\"1630\">Potentiel de garde :<br \/>\n<\/strong>\u00c0 d\u00e9guster dans les <strong data-start=\"1652\" data-end=\"1661\">2 ans<\/strong> afin de profiter pleinement de sa fra\u00eecheur, de son \u00e9clat aromatique et de sa finesse.<\/span><\/p>","protected":false},"excerpt":{"rendered":"<p class=\"PDq2pG_selectionAnchorContainer\" data-start=\"0\" data-end=\"98\"><span style=\"color: #000000;\"><strong data-start=\"0\" data-end=\"98\">Lampe de M\u00e9duse Ros\u00e9 &#8211; Ch\u00e2teau Sainte Roseline | Un ros\u00e9 de Provence \u00e9l\u00e9gant, frais et min\u00e9ral<\/strong><\/span><\/p>\n<p data-start=\"100\" data-end=\"391\"><span style=\"color: #000000;\">D\u00e9couvre le <strong data-start=\"112\" data-end=\"136\">Lampe de M\u00e9duse Ros\u00e9<\/strong> du <strong data-start=\"140\" data-end=\"167\">Ch\u00e2teau Sainte Roseline<\/strong>, une cuv\u00e9e embl\u00e9matique de Provence qui s\u00e9duit par sa finesse, sa fra\u00eecheur et son \u00e9l\u00e9gance. \u00c9labor\u00e9 avec le plus grand soin, ce ros\u00e9 d\u00e9voile une expression raffin\u00e9e, id\u00e9ale pour les ap\u00e9ritifs comme pour les repas estivaux.<\/span><\/p>","protected":false},"featured_media":20372,"comment_status":"open","ping_status":"closed","template":"","meta":[],"product_cat":[253],"product_tag":[1397],"class_list":["post-20360","product","type-product","status-publish","has-post-thumbnail","product_cat-vins","product_tag-roses","pa_categorie-vins-roses","pa_country-france","pa_packaging-carx6","pa_packaging-pce","pa_volume-150-cl-vp","pa_volume-75-cl","_wholesalex wsx-wholesalex-product","first","instock","taxable","shipping-taxable","purchasable","product-type-variable","has-default-attributes"],"yoast_head":"<!-- This site is optimized with the Yoast SEO plugin v28.3 - https:\/\/yoast.com\/product\/yoast-seo-wordpress\/ -->\n<title>Lampe de M\u00e9duse Ros\u00e9 - Ch\u00e2teau Sainte Roseline | La Petite Cave du Chablais<\/title>\n<meta name=\"description\" content=\"D\u00e9couvre le Lampe de M\u00e9duse Ros\u00e9 du Ch\u00e2teau Sainte Roseline, une cuv\u00e9e embl\u00e9matique de Provence qui s\u00e9duit par sa finesse, sa fra\u00eecheur et son \u00e9l\u00e9gance.\" \/>\n<meta name=\"robots\" content=\"index, follow, max-snippet:-1, max-image-preview:large, max-video-preview:-1\" \/>\n<link rel=\"canonical\" href=\"https:\/\/petitecave.ch\/de\/product\/lampe-de-meduse-rose-chateau-sainte-roseline\/\" \/>\n<meta property=\"og:locale\" content=\"de_DE\" \/>\n<meta property=\"og:type\" content=\"article\" \/>\n<meta property=\"og:title\" content=\"Lampe de M\u00e9duse Ros\u00e9 - Ch\u00e2teau Sainte Roseline | La Petite Cave du Chablais\" \/>\n<meta property=\"og:description\" content=\"D\u00e9couvre le Lampe de M\u00e9duse Ros\u00e9 du Ch\u00e2teau Sainte Roseline, une cuv\u00e9e embl\u00e9matique de Provence qui s\u00e9duit par sa finesse, sa fra\u00eecheur et son \u00e9l\u00e9gance.\" \/>\n<meta property=\"og:url\" content=\"https:\/\/petitecave.ch\/de\/product\/lampe-de-meduse-rose-chateau-sainte-roseline\/\" \/>\n<meta property=\"og:site_name\" content=\"La Petite Cave du Chablais\" \/>\n<meta property=\"article:publisher\" content=\"https:\/\/www.facebook.com\/LaPetiteCaveDuChablais\" \/>\n<meta property=\"article:modified_time\" content=\"2026-07-20T11:12:13+00:00\" \/>\n<meta property=\"og:image\" content=\"https:\/\/petitecave.ch\/wp-content\/uploads\/2026\/07\/Lampe-de-Meduse-Rose-Chateau-Sainte-Roseline-75cl.png\" \/>\n\t<meta property=\"og:image:width\" content=\"1000\" \/>\n\t<meta property=\"og:image:height\" content=\"1000\" \/>\n\t<meta property=\"og:image:type\" content=\"image\/png\" \/>\n<meta name=\"twitter:card\" content=\"summary_large_image\" \/>\n<meta name=\"twitter:label1\" content=\"Gesch\u00e4tzte Lesezeit\" \/>\n\t<meta name=\"twitter:data1\" content=\"2\u00a0Minuten\" \/>\n<script type=\"application\/ld+json\" class=\"yoast-schema-graph\">{\"@context\":\"https:\\\/\\\/schema.org\",\"@graph\":[{\"@type\":\"WebPage\",\"@id\":\"https:\\\/\\\/petitecave.ch\\\/product\\\/lampe-de-meduse-rose-chateau-sainte-roseline\\\/\",\"url\":\"https:\\\/\\\/petitecave.ch\\\/product\\\/lampe-de-meduse-rose-chateau-sainte-roseline\\\/\",\"name\":\"Lampe de M\u00e9duse Ros\u00e9 - Ch\u00e2teau Sainte Roseline | La Petite Cave du Chablais\",\"isPartOf\":{\"@id\":\"https:\\\/\\\/petitecave.ch\\\/de\\\/#website\"},\"primaryImageOfPage\":{\"@id\":\"https:\\\/\\\/petitecave.ch\\\/product\\\/lampe-de-meduse-rose-chateau-sainte-roseline\\\/#primaryimage\"},\"image\":{\"@id\":\"https:\\\/\\\/petitecave.ch\\\/product\\\/lampe-de-meduse-rose-chateau-sainte-roseline\\\/#primaryimage\"},\"thumbnailUrl\":\"https:\\\/\\\/petitecave.ch\\\/wp-content\\\/uploads\\\/2026\\\/07\\\/Lampe-de-Meduse-Rose-Chateau-Sainte-Roseline-75cl.png\",\"datePublished\":\"2026-07-16T09:11:43+00:00\",\"dateModified\":\"2026-07-20T11:12:13+00:00\",\"description\":\"D\u00e9couvre le Lampe de M\u00e9duse Ros\u00e9 du Ch\u00e2teau Sainte Roseline, une cuv\u00e9e embl\u00e9matique de Provence qui s\u00e9duit par sa finesse, sa fra\u00eecheur et son \u00e9l\u00e9gance.\",\"breadcrumb\":{\"@id\":\"https:\\\/\\\/petitecave.ch\\\/product\\\/lampe-de-meduse-rose-chateau-sainte-roseline\\\/#breadcrumb\"},\"inLanguage\":\"de-CH\",\"potentialAction\":[{\"@type\":\"ReadAction\",\"target\":[\"https:\\\/\\\/petitecave.ch\\\/product\\\/lampe-de-meduse-rose-chateau-sainte-roseline\\\/\"]}]},{\"@type\":\"ImageObject\",\"inLanguage\":\"de-CH\",\"@id\":\"https:\\\/\\\/petitecave.ch\\\/product\\\/lampe-de-meduse-rose-chateau-sainte-roseline\\\/#primaryimage\",\"url\":\"https:\\\/\\\/petitecave.ch\\\/wp-content\\\/uploads\\\/2026\\\/07\\\/Lampe-de-Meduse-Rose-Chateau-Sainte-Roseline-75cl.png\",\"contentUrl\":\"https:\\\/\\\/petitecave.ch\\\/wp-content\\\/uploads\\\/2026\\\/07\\\/Lampe-de-Meduse-Rose-Chateau-Sainte-Roseline-75cl.png\",\"width\":1000,\"height\":1000,\"caption\":\"Lampe de M\u00e9duse Ros\u00e9 - Ch\u00e2teau Sainte Roseline 75cl\"},{\"@type\":\"BreadcrumbList\",\"@id\":\"https:\\\/\\\/petitecave.ch\\\/product\\\/lampe-de-meduse-rose-chateau-sainte-roseline\\\/#breadcrumb\",\"itemListElement\":[{\"@type\":\"ListItem\",\"position\":1,\"name\":\"Accueil\",\"item\":\"https:\\\/\\\/petitecave.ch\\\/\"},{\"@type\":\"ListItem\",\"position\":2,\"name\":\"Produkte\",\"item\":\"https:\\\/\\\/petitecave.ch\\\/de\\\/shop\\\/\"},{\"@type\":\"ListItem\",\"position\":3,\"name\":\"Lampe de M\u00e9duse Ros\u00e9 &#8211; Ch\u00e2teau Sainte Roseline\"}]},{\"@type\":\"WebSite\",\"@id\":\"https:\\\/\\\/petitecave.ch\\\/de\\\/#website\",\"url\":\"https:\\\/\\\/petitecave.ch\\\/de\\\/\",\"name\":\"La Petite Cave du Chablais\",\"description\":\"Vins, bi\u00e8res et spiritueux en ligne !\",\"publisher\":{\"@id\":\"https:\\\/\\\/petitecave.ch\\\/de\\\/#organization\"},\"alternateName\":\"La Petite Cave\",\"potentialAction\":[{\"@type\":\"SearchAction\",\"target\":{\"@type\":\"EntryPoint\",\"urlTemplate\":\"https:\\\/\\\/petitecave.ch\\\/de\\\/?s={search_term_string}\"},\"query-input\":{\"@type\":\"PropertyValueSpecification\",\"valueRequired\":true,\"valueName\":\"search_term_string\"}}],\"inLanguage\":\"de-CH\"},{\"@type\":\"Organization\",\"@id\":\"https:\\\/\\\/petitecave.ch\\\/de\\\/#organization\",\"name\":\"La Petite Cave du Chablais S\u00e0rl\",\"url\":\"https:\\\/\\\/petitecave.ch\\\/de\\\/\",\"logo\":{\"@type\":\"ImageObject\",\"inLanguage\":\"de-CH\",\"@id\":\"https:\\\/\\\/petitecave.ch\\\/de\\\/#\\\/schema\\\/logo\\\/image\\\/\",\"url\":\"https:\\\/\\\/petitecave.ch\\\/wp-content\\\/uploads\\\/2025\\\/10\\\/petitecavelogo-removebg-preview.png\",\"contentUrl\":\"https:\\\/\\\/petitecave.ch\\\/wp-content\\\/uploads\\\/2025\\\/10\\\/petitecavelogo-removebg-preview.png\",\"width\":800,\"height\":200,\"caption\":\"La Petite Cave du Chablais S\u00e0rl\"},\"image\":{\"@id\":\"https:\\\/\\\/petitecave.ch\\\/de\\\/#\\\/schema\\\/logo\\\/image\\\/\"},\"sameAs\":[\"https:\\\/\\\/www.facebook.com\\\/LaPetiteCaveDuChablais\",\"https:\\\/\\\/www.instagram.com\\\/lapetitecaveduchablais\",\"https:\\\/\\\/www.linkedin.com\\\/company\\\/la-petite-cave-du-chablais\"]}]}<\/script>\n<!-- \/ Yoast SEO plugin. -->","yoast_head_json":{"title":"Lampe de M\u00e9duse Ros\u00e9 - Ch\u00e2teau Sainte Roseline | La Petite Cave du Chablais","description":"D\u00e9couvre le Lampe de M\u00e9duse Ros\u00e9 du Ch\u00e2teau Sainte Roseline, une cuv\u00e9e embl\u00e9matique de Provence qui s\u00e9duit par sa finesse, sa fra\u00eecheur et son \u00e9l\u00e9gance.","robots":{"index":"index","follow":"follow","max-snippet":"max-snippet:-1","max-image-preview":"max-image-preview:large","max-video-preview":"max-video-preview:-1"},"canonical":"https:\/\/petitecave.ch\/de\/product\/lampe-de-meduse-rose-chateau-sainte-roseline\/","og_locale":"de_DE","og_type":"article","og_title":"Lampe de M\u00e9duse Ros\u00e9 - Ch\u00e2teau Sainte Roseline | La Petite Cave du Chablais","og_description":"D\u00e9couvre le Lampe de M\u00e9duse Ros\u00e9 du Ch\u00e2teau Sainte Roseline, une cuv\u00e9e embl\u00e9matique de Provence qui s\u00e9duit par sa finesse, sa fra\u00eecheur et son \u00e9l\u00e9gance.","og_url":"https:\/\/petitecave.ch\/de\/product\/lampe-de-meduse-rose-chateau-sainte-roseline\/","og_site_name":"La Petite Cave du Chablais","article_publisher":"https:\/\/www.facebook.com\/LaPetiteCaveDuChablais","article_modified_time":"2026-07-20T11:12:13+00:00","og_image":[{"width":1000,"height":1000,"url":"https:\/\/petitecave.ch\/wp-content\/uploads\/2026\/07\/Lampe-de-Meduse-Rose-Chateau-Sainte-Roseline-75cl.png","type":"image\/png"}],"twitter_card":"summary_large_image","twitter_misc":{"Gesch\u00e4tzte Lesezeit":"2\u00a0Minuten"},"schema":{"@context":"https:\/\/schema.org","@graph":[{"@type":"WebPage","@id":"https:\/\/petitecave.ch\/product\/lampe-de-meduse-rose-chateau-sainte-roseline\/","url":"https:\/\/petitecave.ch\/product\/lampe-de-meduse-rose-chateau-sainte-roseline\/","name":"Lampe de M\u00e9duse Ros\u00e9 - Ch\u00e2teau Sainte Roseline | La Petite Cave du Chablais","isPartOf":{"@id":"https:\/\/petitecave.ch\/de\/#website"},"primaryImageOfPage":{"@id":"https:\/\/petitecave.ch\/product\/lampe-de-meduse-rose-chateau-sainte-roseline\/#primaryimage"},"image":{"@id":"https:\/\/petitecave.ch\/product\/lampe-de-meduse-rose-chateau-sainte-roseline\/#primaryimage"},"thumbnailUrl":"https:\/\/petitecave.ch\/wp-content\/uploads\/2026\/07\/Lampe-de-Meduse-Rose-Chateau-Sainte-Roseline-75cl.png","datePublished":"2026-07-16T09:11:43+00:00","dateModified":"2026-07-20T11:12:13+00:00","description":"D\u00e9couvre le Lampe de M\u00e9duse Ros\u00e9 du Ch\u00e2teau Sainte Roseline, une cuv\u00e9e embl\u00e9matique de Provence qui s\u00e9duit par sa finesse, sa fra\u00eecheur et son \u00e9l\u00e9gance.","breadcrumb":{"@id":"https:\/\/petitecave.ch\/product\/lampe-de-meduse-rose-chateau-sainte-roseline\/#breadcrumb"},"inLanguage":"de-CH","potentialAction":[{"@type":"ReadAction","target":["https:\/\/petitecave.ch\/product\/lampe-de-meduse-rose-chateau-sainte-roseline\/"]}]},{"@type":"ImageObject","inLanguage":"de-CH","@id":"https:\/\/petitecave.ch\/product\/lampe-de-meduse-rose-chateau-sainte-roseline\/#primaryimage","url":"https:\/\/petitecave.ch\/wp-content\/uploads\/2026\/07\/Lampe-de-Meduse-Rose-Chateau-Sainte-Roseline-75cl.png","contentUrl":"https:\/\/petitecave.ch\/wp-content\/uploads\/2026\/07\/Lampe-de-Meduse-Rose-Chateau-Sainte-Roseline-75cl.png","width":1000,"height":1000,"caption":"Lampe de M\u00e9duse Ros\u00e9 - Ch\u00e2teau Sainte Roseline 75cl"},{"@type":"BreadcrumbList","@id":"https:\/\/petitecave.ch\/product\/lampe-de-meduse-rose-chateau-sainte-roseline\/#breadcrumb","itemListElement":[{"@type":"ListItem","position":1,"name":"Accueil","item":"https:\/\/petitecave.ch\/"},{"@type":"ListItem","position":2,"name":"Produkte","item":"https:\/\/petitecave.ch\/de\/shop\/"},{"@type":"ListItem","position":3,"name":"Lampe de M\u00e9duse Ros\u00e9 &#8211; Ch\u00e2teau Sainte Roseline"}]},{"@type":"WebSite","@id":"https:\/\/petitecave.ch\/de\/#website","url":"https:\/\/petitecave.ch\/de\/","name":"Die kleine Keller des Chablais","description":"Vins, bi\u00e8res et spiritueux en ligne !","publisher":{"@id":"https:\/\/petitecave.ch\/de\/#organization"},"alternateName":"La Petite Cave","potentialAction":[{"@type":"SearchAction","target":{"@type":"EntryPoint","urlTemplate":"https:\/\/petitecave.ch\/de\/?s={search_term_string}"},"query-input":{"@type":"PropertyValueSpecification","valueRequired":true,"valueName":"search_term_string"}}],"inLanguage":"de-CH"},{"@type":"Organization","@id":"https:\/\/petitecave.ch\/de\/#organization","name":"La Petite Cave du Chablais S\u00e0rl","url":"https:\/\/petitecave.ch\/de\/","logo":{"@type":"ImageObject","inLanguage":"de-CH","@id":"https:\/\/petitecave.ch\/de\/#\/schema\/logo\/image\/","url":"https:\/\/petitecave.ch\/wp-content\/uploads\/2025\/10\/petitecavelogo-removebg-preview.png","contentUrl":"https:\/\/petitecave.ch\/wp-content\/uploads\/2025\/10\/petitecavelogo-removebg-preview.png","width":800,"height":200,"caption":"La Petite Cave du Chablais S\u00e0rl"},"image":{"@id":"https:\/\/petitecave.ch\/de\/#\/schema\/logo\/image\/"},"sameAs":["https:\/\/www.facebook.com\/LaPetiteCaveDuChablais","https:\/\/www.instagram.com\/lapetitecaveduchablais","https:\/\/www.linkedin.com\/company\/la-petite-cave-du-chablais"]}]}},"_links":{"self":[{"href":"https:\/\/petitecave.ch\/de\/wp-json\/wp\/v2\/product\/20360","targetHints":{"allow":["GET"]}}],"collection":[{"href":"https:\/\/petitecave.ch\/de\/wp-json\/wp\/v2\/product"}],"about":[{"href":"https:\/\/petitecave.ch\/de\/wp-json\/wp\/v2\/types\/product"}],"replies":[{"embeddable":true,"href":"https:\/\/petitecave.ch\/de\/wp-json\/wp\/v2\/comments?post=20360"}],"wp:featuredmedia":[{"embeddable":true,"href":"https:\/\/petitecave.ch\/de\/wp-json\/wp\/v2\/media\/20372"}],"wp:attachment":[{"href":"https:\/\/petitecave.ch\/de\/wp-json\/wp\/v2\/media?parent=20360"}],"wp:term":[{"taxonomy":"product_cat","embeddable":true,"href":"https:\/\/petitecave.ch\/de\/wp-json\/wp\/v2\/product_cat?post=20360"},{"taxonomy":"product_tag","embeddable":true,"href":"https:\/\/petitecave.ch\/de\/wp-json\/wp\/v2\/product_tag?post=20360"}],"curies":[{"name":"wp","href":"https:\/\/api.w.org\/{rel}","templated":true}]}}