{"id":20354,"date":"2026-07-16T11:11:36","date_gmt":"2026-07-16T09:11:36","guid":{"rendered":"https:\/\/petitecave.ch\/?post_type=product&#038;p=20354"},"modified":"2026-07-20T13:12:14","modified_gmt":"2026-07-20T11:12:14","slug":"rose-roseline-maye","status":"publish","type":"product","link":"https:\/\/petitecave.ch\/de\/product\/rose-roseline-maye\/","title":{"rendered":"Ros\u00e9 Roseline &#8211; MAYE"},"content":{"rendered":"<p class=\"PDq2pG_selectionAnchorContainer\" data-start=\"0\" data-end=\"81\"><span style=\"color: #000000;\"><strong data-start=\"0\" data-end=\"81\">Ros\u00e9 Roseline \u2013 MAYE | Un ros\u00e9 de Gamay frais, fruit\u00e9 et intens\u00e9ment gourmand<\/strong><\/span><\/p>\n<p data-start=\"83\" data-end=\"346\"><span style=\"color: #000000;\">D\u00e9couvre <strong data-start=\"92\" data-end=\"109\">Ros\u00e9 Roseline AOC Valais<\/strong> de la Maison <a style=\"color: #000000;\" href=\"https:\/\/www.maye.ch\/fr\/\"><strong data-start=\"113\" data-end=\"121\">MAYE<\/strong><\/a>, un <a style=\"color: #000000;\" href=\"https:\/\/petitecave.ch\/de\/product-category\/vins\/?filter_categorie=vins-roses\">ros\u00e9<\/a> valaisan \u00e9labor\u00e9 exclusivement \u00e0 partir de <strong data-start=\"174\" data-end=\"183\">Gamay<\/strong>. \u00c9l\u00e9gant et expressif, il s\u00e9duit par son fruit \u00e9clatant, sa fra\u00eecheur et sa belle salinit\u00e9. Une cuv\u00e9e id\u00e9ale pour les ap\u00e9ritifs estivaux et les repas en terrasse.<\/span><\/p>\n<p data-start=\"348\" data-end=\"492\"><span style=\"color: #000000;\">\u00c0 l&rsquo;\u0153il, il d\u00e9voile une superbe robe corail, lumineuse et brillante. Son apparence raffin\u00e9e annonce un ros\u00e9 tout en fra\u00eecheur et en gourmandise.<\/span><br \/>\n<span style=\"color: #000000;\">Au nez, il r\u00e9v\u00e8le un bouquet g\u00e9n\u00e9reux de p\u00e2te de fruits, d&rsquo;agrumes et de mandarine. Cette palette aromatique intense apporte une belle vivacit\u00e9 et une expression fruit\u00e9e particuli\u00e8rement s\u00e9duisante.<\/span><br \/>\n<span style=\"color: #000000;\">En bouche, l&rsquo;attaque est souple et harmonieuse. Les saveurs de fruits frais s&rsquo;\u00e9quilibrent avec une agr\u00e9able fra\u00eecheur, tandis qu&rsquo;une l\u00e9g\u00e8re pr\u00e9sence tannique apporte du relief. La finale, marqu\u00e9e par une \u00e9l\u00e9gante salinit\u00e9, prolonge la d\u00e9gustation avec beaucoup de finesse.<\/span><\/p>\n<p class=\"PDq2pG_selectionAnchorContainer\" data-start=\"1320\" data-end=\"1345\"><span style=\"color: #000000;\"><strong data-start=\"1320\" data-end=\"1345\">Accords mets &amp; vins :<br \/>\n<\/strong>Sers-le bien frais \u00e0 l&rsquo;ap\u00e9ritif ou accompagne-le d&rsquo;une cuisine exotique, d&rsquo;un cocktail de crevettes, de crustac\u00e9s, d&rsquo;un tartare d&rsquo;avocat au citron, de poissons grill\u00e9s ou de salades estivales.<\/span><\/p>\n<p data-start=\"1541\" data-end=\"1565\"><span style=\"color: #000000;\"><strong data-start=\"1541\" data-end=\"1565\">Potentiel de garde :<br \/>\n<\/strong>\u00c0 d\u00e9guster dans les <strong data-start=\"1587\" data-end=\"1596\">2 ans<\/strong> afin de profiter pleinement de sa fra\u00eecheur, de son fruit et de son \u00e9quilibre.<\/span><\/p>","protected":false},"excerpt":{"rendered":"<p class=\"PDq2pG_selectionAnchorContainer\" data-start=\"0\" data-end=\"81\"><span style=\"color: #000000;\"><strong data-start=\"0\" data-end=\"81\">Ros\u00e9 Roseline \u2013 MAYE | Un ros\u00e9 de Gamay frais, fruit\u00e9 et intens\u00e9ment gourmand<\/strong><\/span><\/p>\n<p data-start=\"83\" data-end=\"346\"><span style=\"color: #000000;\">D\u00e9couvre <strong data-start=\"92\" data-end=\"109\">Ros\u00e9 Roseline AOC Valais<\/strong> de la <strong>Maison MAYE<\/strong>, un ros\u00e9 valaisan \u00e9labor\u00e9 exclusivement \u00e0 partir de <strong data-start=\"174\" data-end=\"183\">Gamay<\/strong>. \u00c9l\u00e9gant et expressif, il s\u00e9duit par son fruit \u00e9clatant, sa fra\u00eecheur et sa belle salinit\u00e9. Une cuv\u00e9e id\u00e9ale pour les ap\u00e9ritifs estivaux et les repas en terrasse.<\/span><\/p>","protected":false},"featured_media":20379,"comment_status":"open","ping_status":"closed","template":"","meta":[],"product_cat":[253],"product_tag":[1397],"class_list":["post-20354","product","type-product","status-publish","has-post-thumbnail","product_cat-vins","product_tag-roses","pa_categorie-vins-roses","pa_country-suisse","pa_packaging-carx6","pa_volume-75-cl","_wholesalex wsx-wholesalex-product","first","instock","taxable","shipping-taxable","purchasable","product-type-simple"],"yoast_head":"<!-- This site is optimized with the Yoast SEO plugin v28.3 - https:\/\/yoast.com\/product\/yoast-seo-wordpress\/ -->\n<title>Ros\u00e9 Roseline - MAYE | La Petite Cave du Chablais<\/title>\n<meta name=\"description\" content=\"D\u00e9couvre Ros\u00e9 Roseline AOC Valais de la Maison MAYE, un ros\u00e9 valaisan \u00e9l\u00e9gant et expressif qui s\u00e9duit par son fruit, sa fra\u00eecheur et sa belle salinit\u00e9.\" \/>\n<meta name=\"robots\" content=\"index, follow, max-snippet:-1, max-image-preview:large, max-video-preview:-1\" \/>\n<link rel=\"canonical\" href=\"https:\/\/petitecave.ch\/de\/product\/rose-roseline-maye\/\" \/>\n<meta property=\"og:locale\" content=\"de_DE\" \/>\n<meta property=\"og:type\" content=\"article\" \/>\n<meta property=\"og:title\" content=\"Ros\u00e9 Roseline - MAYE | La Petite Cave du Chablais\" \/>\n<meta property=\"og:description\" content=\"D\u00e9couvre Ros\u00e9 Roseline AOC Valais de la Maison MAYE, un ros\u00e9 valaisan \u00e9l\u00e9gant et expressif qui s\u00e9duit par son fruit, sa fra\u00eecheur et sa belle salinit\u00e9.\" \/>\n<meta property=\"og:url\" content=\"https:\/\/petitecave.ch\/de\/product\/rose-roseline-maye\/\" \/>\n<meta property=\"og:site_name\" content=\"La Petite Cave du Chablais\" \/>\n<meta property=\"article:publisher\" content=\"https:\/\/www.facebook.com\/LaPetiteCaveDuChablais\" \/>\n<meta property=\"article:modified_time\" content=\"2026-07-20T11:12:14+00:00\" \/>\n<meta property=\"og:image\" content=\"https:\/\/petitecave.ch\/wp-content\/uploads\/2026\/07\/Rose-Roseline-MAYE-75cl.png\" \/>\n\t<meta property=\"og:image:width\" content=\"1000\" \/>\n\t<meta property=\"og:image:height\" content=\"1000\" \/>\n\t<meta property=\"og:image:type\" content=\"image\/png\" \/>\n<meta name=\"twitter:card\" content=\"summary_large_image\" \/>\n<meta name=\"twitter:label1\" content=\"Gesch\u00e4tzte Lesezeit\" \/>\n\t<meta name=\"twitter:data1\" content=\"2\u00a0Minuten\" \/>\n<script type=\"application\/ld+json\" class=\"yoast-schema-graph\">{\"@context\":\"https:\\\/\\\/schema.org\",\"@graph\":[{\"@type\":\"WebPage\",\"@id\":\"https:\\\/\\\/petitecave.ch\\\/product\\\/rose-roseline-maye\\\/\",\"url\":\"https:\\\/\\\/petitecave.ch\\\/product\\\/rose-roseline-maye\\\/\",\"name\":\"Ros\u00e9 Roseline - MAYE | La Petite Cave du Chablais\",\"isPartOf\":{\"@id\":\"https:\\\/\\\/petitecave.ch\\\/de\\\/#website\"},\"primaryImageOfPage\":{\"@id\":\"https:\\\/\\\/petitecave.ch\\\/product\\\/rose-roseline-maye\\\/#primaryimage\"},\"image\":{\"@id\":\"https:\\\/\\\/petitecave.ch\\\/product\\\/rose-roseline-maye\\\/#primaryimage\"},\"thumbnailUrl\":\"https:\\\/\\\/petitecave.ch\\\/wp-content\\\/uploads\\\/2026\\\/07\\\/Rose-Roseline-MAYE-75cl.png\",\"datePublished\":\"2026-07-16T09:11:36+00:00\",\"dateModified\":\"2026-07-20T11:12:14+00:00\",\"description\":\"D\u00e9couvre Ros\u00e9 Roseline AOC Valais de la Maison MAYE, un ros\u00e9 valaisan \u00e9l\u00e9gant et expressif qui s\u00e9duit par son fruit, sa fra\u00eecheur et sa belle salinit\u00e9.\",\"breadcrumb\":{\"@id\":\"https:\\\/\\\/petitecave.ch\\\/product\\\/rose-roseline-maye\\\/#breadcrumb\"},\"inLanguage\":\"de-CH\",\"potentialAction\":[{\"@type\":\"ReadAction\",\"target\":[\"https:\\\/\\\/petitecave.ch\\\/product\\\/rose-roseline-maye\\\/\"]}]},{\"@type\":\"ImageObject\",\"inLanguage\":\"de-CH\",\"@id\":\"https:\\\/\\\/petitecave.ch\\\/product\\\/rose-roseline-maye\\\/#primaryimage\",\"url\":\"https:\\\/\\\/petitecave.ch\\\/wp-content\\\/uploads\\\/2026\\\/07\\\/Rose-Roseline-MAYE-75cl.png\",\"contentUrl\":\"https:\\\/\\\/petitecave.ch\\\/wp-content\\\/uploads\\\/2026\\\/07\\\/Rose-Roseline-MAYE-75cl.png\",\"width\":1000,\"height\":1000,\"caption\":\"Ros\u00e9 Roseline - MAYE 75cl\"},{\"@type\":\"BreadcrumbList\",\"@id\":\"https:\\\/\\\/petitecave.ch\\\/product\\\/rose-roseline-maye\\\/#breadcrumb\",\"itemListElement\":[{\"@type\":\"ListItem\",\"position\":1,\"name\":\"Accueil\",\"item\":\"https:\\\/\\\/petitecave.ch\\\/\"},{\"@type\":\"ListItem\",\"position\":2,\"name\":\"Produkte\",\"item\":\"https:\\\/\\\/petitecave.ch\\\/de\\\/shop\\\/\"},{\"@type\":\"ListItem\",\"position\":3,\"name\":\"Ros\u00e9 Roseline &#8211; MAYE\"}]},{\"@type\":\"WebSite\",\"@id\":\"https:\\\/\\\/petitecave.ch\\\/de\\\/#website\",\"url\":\"https:\\\/\\\/petitecave.ch\\\/de\\\/\",\"name\":\"La Petite Cave du Chablais\",\"description\":\"Vins, bi\u00e8res et spiritueux en ligne !\",\"publisher\":{\"@id\":\"https:\\\/\\\/petitecave.ch\\\/de\\\/#organization\"},\"alternateName\":\"La Petite Cave\",\"potentialAction\":[{\"@type\":\"SearchAction\",\"target\":{\"@type\":\"EntryPoint\",\"urlTemplate\":\"https:\\\/\\\/petitecave.ch\\\/de\\\/?s={search_term_string}\"},\"query-input\":{\"@type\":\"PropertyValueSpecification\",\"valueRequired\":true,\"valueName\":\"search_term_string\"}}],\"inLanguage\":\"de-CH\"},{\"@type\":\"Organization\",\"@id\":\"https:\\\/\\\/petitecave.ch\\\/de\\\/#organization\",\"name\":\"La Petite Cave du Chablais S\u00e0rl\",\"url\":\"https:\\\/\\\/petitecave.ch\\\/de\\\/\",\"logo\":{\"@type\":\"ImageObject\",\"inLanguage\":\"de-CH\",\"@id\":\"https:\\\/\\\/petitecave.ch\\\/de\\\/#\\\/schema\\\/logo\\\/image\\\/\",\"url\":\"https:\\\/\\\/petitecave.ch\\\/wp-content\\\/uploads\\\/2025\\\/10\\\/petitecavelogo-removebg-preview.png\",\"contentUrl\":\"https:\\\/\\\/petitecave.ch\\\/wp-content\\\/uploads\\\/2025\\\/10\\\/petitecavelogo-removebg-preview.png\",\"width\":800,\"height\":200,\"caption\":\"La Petite Cave du Chablais S\u00e0rl\"},\"image\":{\"@id\":\"https:\\\/\\\/petitecave.ch\\\/de\\\/#\\\/schema\\\/logo\\\/image\\\/\"},\"sameAs\":[\"https:\\\/\\\/www.facebook.com\\\/LaPetiteCaveDuChablais\",\"https:\\\/\\\/www.instagram.com\\\/lapetitecaveduchablais\",\"https:\\\/\\\/www.linkedin.com\\\/company\\\/la-petite-cave-du-chablais\"]}]}<\/script>\n<!-- \/ Yoast SEO plugin. -->","yoast_head_json":{"title":"Ros\u00e9 Roseline - MAYE | La Petite Cave du Chablais","description":"D\u00e9couvre Ros\u00e9 Roseline AOC Valais de la Maison MAYE, un ros\u00e9 valaisan \u00e9l\u00e9gant et expressif qui s\u00e9duit par son fruit, sa fra\u00eecheur et sa belle salinit\u00e9.","robots":{"index":"index","follow":"follow","max-snippet":"max-snippet:-1","max-image-preview":"max-image-preview:large","max-video-preview":"max-video-preview:-1"},"canonical":"https:\/\/petitecave.ch\/de\/product\/rose-roseline-maye\/","og_locale":"de_DE","og_type":"article","og_title":"Ros\u00e9 Roseline - MAYE | La Petite Cave du Chablais","og_description":"D\u00e9couvre Ros\u00e9 Roseline AOC Valais de la Maison MAYE, un ros\u00e9 valaisan \u00e9l\u00e9gant et expressif qui s\u00e9duit par son fruit, sa fra\u00eecheur et sa belle salinit\u00e9.","og_url":"https:\/\/petitecave.ch\/de\/product\/rose-roseline-maye\/","og_site_name":"La Petite Cave du Chablais","article_publisher":"https:\/\/www.facebook.com\/LaPetiteCaveDuChablais","article_modified_time":"2026-07-20T11:12:14+00:00","og_image":[{"width":1000,"height":1000,"url":"https:\/\/petitecave.ch\/wp-content\/uploads\/2026\/07\/Rose-Roseline-MAYE-75cl.png","type":"image\/png"}],"twitter_card":"summary_large_image","twitter_misc":{"Gesch\u00e4tzte Lesezeit":"2\u00a0Minuten"},"schema":{"@context":"https:\/\/schema.org","@graph":[{"@type":"WebPage","@id":"https:\/\/petitecave.ch\/product\/rose-roseline-maye\/","url":"https:\/\/petitecave.ch\/product\/rose-roseline-maye\/","name":"Ros\u00e9 Roseline - MAYE | La Petite Cave du Chablais","isPartOf":{"@id":"https:\/\/petitecave.ch\/de\/#website"},"primaryImageOfPage":{"@id":"https:\/\/petitecave.ch\/product\/rose-roseline-maye\/#primaryimage"},"image":{"@id":"https:\/\/petitecave.ch\/product\/rose-roseline-maye\/#primaryimage"},"thumbnailUrl":"https:\/\/petitecave.ch\/wp-content\/uploads\/2026\/07\/Rose-Roseline-MAYE-75cl.png","datePublished":"2026-07-16T09:11:36+00:00","dateModified":"2026-07-20T11:12:14+00:00","description":"D\u00e9couvre Ros\u00e9 Roseline AOC Valais de la Maison MAYE, un ros\u00e9 valaisan \u00e9l\u00e9gant et expressif qui s\u00e9duit par son fruit, sa fra\u00eecheur et sa belle salinit\u00e9.","breadcrumb":{"@id":"https:\/\/petitecave.ch\/product\/rose-roseline-maye\/#breadcrumb"},"inLanguage":"de-CH","potentialAction":[{"@type":"ReadAction","target":["https:\/\/petitecave.ch\/product\/rose-roseline-maye\/"]}]},{"@type":"ImageObject","inLanguage":"de-CH","@id":"https:\/\/petitecave.ch\/product\/rose-roseline-maye\/#primaryimage","url":"https:\/\/petitecave.ch\/wp-content\/uploads\/2026\/07\/Rose-Roseline-MAYE-75cl.png","contentUrl":"https:\/\/petitecave.ch\/wp-content\/uploads\/2026\/07\/Rose-Roseline-MAYE-75cl.png","width":1000,"height":1000,"caption":"Ros\u00e9 Roseline - MAYE 75cl"},{"@type":"BreadcrumbList","@id":"https:\/\/petitecave.ch\/product\/rose-roseline-maye\/#breadcrumb","itemListElement":[{"@type":"ListItem","position":1,"name":"Accueil","item":"https:\/\/petitecave.ch\/"},{"@type":"ListItem","position":2,"name":"Produkte","item":"https:\/\/petitecave.ch\/de\/shop\/"},{"@type":"ListItem","position":3,"name":"Ros\u00e9 Roseline &#8211; MAYE"}]},{"@type":"WebSite","@id":"https:\/\/petitecave.ch\/de\/#website","url":"https:\/\/petitecave.ch\/de\/","name":"Die kleine Keller des Chablais","description":"Vins, bi\u00e8res et spiritueux en ligne !","publisher":{"@id":"https:\/\/petitecave.ch\/de\/#organization"},"alternateName":"La Petite Cave","potentialAction":[{"@type":"SearchAction","target":{"@type":"EntryPoint","urlTemplate":"https:\/\/petitecave.ch\/de\/?s={search_term_string}"},"query-input":{"@type":"PropertyValueSpecification","valueRequired":true,"valueName":"search_term_string"}}],"inLanguage":"de-CH"},{"@type":"Organization","@id":"https:\/\/petitecave.ch\/de\/#organization","name":"La Petite Cave du Chablais S\u00e0rl","url":"https:\/\/petitecave.ch\/de\/","logo":{"@type":"ImageObject","inLanguage":"de-CH","@id":"https:\/\/petitecave.ch\/de\/#\/schema\/logo\/image\/","url":"https:\/\/petitecave.ch\/wp-content\/uploads\/2025\/10\/petitecavelogo-removebg-preview.png","contentUrl":"https:\/\/petitecave.ch\/wp-content\/uploads\/2025\/10\/petitecavelogo-removebg-preview.png","width":800,"height":200,"caption":"La Petite Cave du Chablais S\u00e0rl"},"image":{"@id":"https:\/\/petitecave.ch\/de\/#\/schema\/logo\/image\/"},"sameAs":["https:\/\/www.facebook.com\/LaPetiteCaveDuChablais","https:\/\/www.instagram.com\/lapetitecaveduchablais","https:\/\/www.linkedin.com\/company\/la-petite-cave-du-chablais"]}]}},"_links":{"self":[{"href":"https:\/\/petitecave.ch\/de\/wp-json\/wp\/v2\/product\/20354","targetHints":{"allow":["GET"]}}],"collection":[{"href":"https:\/\/petitecave.ch\/de\/wp-json\/wp\/v2\/product"}],"about":[{"href":"https:\/\/petitecave.ch\/de\/wp-json\/wp\/v2\/types\/product"}],"replies":[{"embeddable":true,"href":"https:\/\/petitecave.ch\/de\/wp-json\/wp\/v2\/comments?post=20354"}],"wp:featuredmedia":[{"embeddable":true,"href":"https:\/\/petitecave.ch\/de\/wp-json\/wp\/v2\/media\/20379"}],"wp:attachment":[{"href":"https:\/\/petitecave.ch\/de\/wp-json\/wp\/v2\/media?parent=20354"}],"wp:term":[{"taxonomy":"product_cat","embeddable":true,"href":"https:\/\/petitecave.ch\/de\/wp-json\/wp\/v2\/product_cat?post=20354"},{"taxonomy":"product_tag","embeddable":true,"href":"https:\/\/petitecave.ch\/de\/wp-json\/wp\/v2\/product_tag?post=20354"}],"curies":[{"name":"wp","href":"https:\/\/api.w.org\/{rel}","templated":true}]}}