{"id":10499,"date":"2025-10-28T10:59:20","date_gmt":"2025-10-28T10:59:20","guid":{"rendered":""},"modified":"2026-07-20T17:48:41","modified_gmt":"2026-07-20T15:48:41","slug":"taylors-late-bottled-vintage-2019","status":"publish","type":"product","link":"https:\/\/petitecave.ch\/de\/product\/taylors-late-bottled-vintage-2019\/","title":{"rendered":"Taylor&rsquo;s Late Bottled Vintage 2019"},"content":{"rendered":"<p class=\"PDq2pG_selectionAnchorContainer\" data-start=\"0\" data-end=\"104\"><span style=\"color: #000000;\"><strong data-start=\"0\" data-end=\"104\">Taylor&rsquo;s Late Bottled Vintage 2019 | Un Porto LBV d&rsquo;exception, intense et d&rsquo;une remarquable \u00e9l\u00e9gance<\/strong><\/span><\/p>\n<p data-start=\"106\" data-end=\"525\"><span style=\"color: #000000;\">D\u00e9couvre le <strong data-start=\"118\" data-end=\"156\"><span style=\"color: #000000;\"><a style=\"color: #000000;\" href=\"https:\/\/www.taylor.pt\/fr\">Taylor&rsquo;s<\/a> <\/span>Late Bottled Vintage 2019<\/strong>, un <a style=\"color: #000000;\" href=\"https:\/\/petitecave.ch\/de\/product-category\/vins\/?filter_categorie=8061-porto\">Porto<\/a> rouge issu d&rsquo;un seul mill\u00e9sime. Il est \u00e9labor\u00e9 par l&rsquo;une des maisons les plus prestigieuses de la vall\u00e9e du Douro. V\u00e9ritable r\u00e9f\u00e9rence parmi les <strong data-start=\"305\" data-end=\"335\">Late Bottled Vintage (LBV)<\/strong>, cette cuv\u00e9e s\u00e9duit par la puret\u00e9 de son fruit, la finesse de ses tanins et son \u00e9quilibre remarquable. Accessible d\u00e8s aujourd&rsquo;hui, elle offre une exp\u00e9rience proche des grands Vintage Ports.<\/span><\/p>\n<p data-start=\"527\" data-end=\"682\"><span style=\"color: #000000;\">\u00c0 l&rsquo;\u0153il, il d\u00e9voile une robe rouge rubis profonde aux reflets violac\u00e9s \u00e9clatants. Son intensit\u00e9 annonce un vin concentr\u00e9, \u00e9l\u00e9gant et parfaitement ma\u00eetris\u00e9.<br \/>\n<\/span><span style=\"color: #000000;\">Au nez, il r\u00e9v\u00e8le un bouquet complexe domin\u00e9 par les cassis, les m\u00fbres et les raisins noirs. Des notes de framboise, de cerise, d&rsquo;herbes sauvages, de r\u00e9glisse et de caf\u00e9 viennent enrichir cette palette aromatique avec beaucoup de finesse.<br \/>\n<\/span><span style=\"color: #000000;\">En bouche, l&rsquo;attaque est ample et g\u00e9n\u00e9reuse. Les saveurs de baies noires s&rsquo;expriment avec intensit\u00e9, soutenues par des tanins soyeux et parfaitement int\u00e9gr\u00e9s. La fra\u00eecheur naturelle du mill\u00e9sime apporte \u00e9quilibre et pr\u00e9cision, tandis que la finale, longue et persistante, laisse s&rsquo;exprimer toute l&rsquo;\u00e9l\u00e9gance de la maison Taylor&rsquo;s.<\/span><\/p>\n<p class=\"PDq2pG_selectionAnchorContainer\" data-start=\"1631\" data-end=\"1656\"><span style=\"color: #000000;\"><strong data-start=\"1631\" data-end=\"1656\">Accords mets &amp; vins :<br \/>\n<\/strong><\/span><span style=\"color: #000000;\">Sers-le l\u00e9g\u00e8rement rafra\u00eechi avec un plateau de fromages affin\u00e9s, notamment un Stilton ou un Roquefort. Avec un assortiment de viande comme un magret de canard ou du gibier. En dessert avec un fondant au chocolat noir ou un dessert aux fruits rouges. Il se d\u00e9guste \u00e9galement seul en fin de repas comme vin de m\u00e9ditation.<\/span><\/p>\n<p data-start=\"1926\" data-end=\"1950\"><span style=\"color: #000000;\"><strong data-start=\"1926\" data-end=\"1950\">Potentiel de garde :<br \/>\n<\/strong><\/span><span style=\"color: #000000;\">D\u00e9j\u00e0 tr\u00e8s agr\u00e9able aujourd&rsquo;hui, ce <strong data-start=\"1987\" data-end=\"2016\">Late Bottled Vintage 2019<\/strong> peut se conserver <strong data-start=\"2035\" data-end=\"2050\">10 \u00e0 15 ans<\/strong>, p\u00e9riode durant laquelle il d\u00e9veloppera des ar\u00f4mes encore plus complexes de fruits confits, d&rsquo;\u00e9pices et de cacao.<\/span><\/p>","protected":false},"excerpt":{"rendered":"<p class=\"PDq2pG_selectionAnchorContainer\" data-start=\"0\" data-end=\"104\"><span style=\"color: #000000;\"><strong data-start=\"0\" data-end=\"104\">Taylor&rsquo;s Late Bottled Vintage 2019 | Un Porto LBV d&rsquo;exception, intense et d&rsquo;une remarquable \u00e9l\u00e9gance<\/strong><\/span><\/p>\n<p data-start=\"106\" data-end=\"525\"><span style=\"color: #000000;\">D\u00e9couvre le <strong data-start=\"118\" data-end=\"156\">Taylor&rsquo;s Late Bottled Vintage 2019<\/strong>, un Porto rouge issu d&rsquo;un seul mill\u00e9sime. Il est \u00e9labor\u00e9 par l&rsquo;une des maisons les plus prestigieuses de la vall\u00e9e du Douro. V\u00e9ritable r\u00e9f\u00e9rence parmi les <strong data-start=\"305\" data-end=\"335\">Late Bottled Vintage (LBV)<\/strong>, cette cuv\u00e9e s\u00e9duit par la puret\u00e9 de son fruit, la finesse de ses tanins et son \u00e9quilibre remarquable. Accessible d\u00e8s aujourd&rsquo;hui, elle offre une exp\u00e9rience proche des grands Vintage Ports.<\/span><\/p>","protected":false},"featured_media":20461,"comment_status":"open","ping_status":"closed","template":"","meta":[],"product_cat":[253],"product_tag":[],"class_list":["post-10499","product","type-product","status-publish","has-post-thumbnail","product_cat-vins","pa_categorie-8061-porto","pa_country-portugal","pa_volume-37-5-cl-2","_wholesalex wsx-wholesalex-product","first","instock","taxable","shipping-taxable","purchasable","product-type-simple"],"yoast_head":"<!-- This site is optimized with the Yoast SEO plugin v28.4 - https:\/\/yoast.com\/product\/yoast-seo-wordpress\/ -->\n<title>Taylor&#039;s Late Bottled Vintage 2019 | La Petite Cave du Chablais<\/title>\n<meta name=\"description\" content=\"D\u00e9couvre le Taylor&#039;s Late Bottled Vintage 2019, un Porto issu d&#039;un mill\u00e9sime, \u00e9labor\u00e9 par l&#039;une des maisons les plus prestigieuses de la vall\u00e9e du Douro.\" \/>\n<meta name=\"robots\" content=\"index, follow, max-snippet:-1, max-image-preview:large, max-video-preview:-1\" \/>\n<link rel=\"canonical\" href=\"https:\/\/petitecave.ch\/de\/product\/taylors-late-bottled-vintage-2019\/\" \/>\n<meta property=\"og:locale\" content=\"de_DE\" \/>\n<meta property=\"og:type\" content=\"article\" \/>\n<meta property=\"og:title\" content=\"Taylor&#039;s Late Bottled Vintage 2019 | La Petite Cave du Chablais\" \/>\n<meta property=\"og:description\" content=\"D\u00e9couvre le Taylor&#039;s Late Bottled Vintage 2019, un Porto issu d&#039;un mill\u00e9sime, \u00e9labor\u00e9 par l&#039;une des maisons les plus prestigieuses de la vall\u00e9e du Douro.\" \/>\n<meta property=\"og:url\" content=\"https:\/\/petitecave.ch\/de\/product\/taylors-late-bottled-vintage-2019\/\" \/>\n<meta property=\"og:site_name\" content=\"La Petite Cave du Chablais\" \/>\n<meta property=\"article:publisher\" content=\"https:\/\/www.facebook.com\/LaPetiteCaveDuChablais\" \/>\n<meta property=\"article:modified_time\" content=\"2026-07-20T15:48:41+00:00\" \/>\n<meta property=\"og:image\" content=\"https:\/\/petitecave.ch\/wp-content\/uploads\/2025\/10\/Taylors-Port-Late-Bottled-Vintage-2019-37.5cl.png\" \/>\n\t<meta property=\"og:image:width\" content=\"1000\" \/>\n\t<meta property=\"og:image:height\" content=\"1000\" \/>\n\t<meta property=\"og:image:type\" content=\"image\/png\" \/>\n<meta name=\"twitter:card\" content=\"summary_large_image\" \/>\n<meta name=\"twitter:label1\" content=\"Gesch\u00e4tzte Lesezeit\" \/>\n\t<meta name=\"twitter:data1\" content=\"2\u00a0Minuten\" \/>\n<script type=\"application\/ld+json\" class=\"yoast-schema-graph\">{\"@context\":\"https:\\\/\\\/schema.org\",\"@graph\":[{\"@type\":\"WebPage\",\"@id\":\"https:\\\/\\\/petitecave.ch\\\/product\\\/taylors-late-bottled-vintage-2019\\\/\",\"url\":\"https:\\\/\\\/petitecave.ch\\\/product\\\/taylors-late-bottled-vintage-2019\\\/\",\"name\":\"Taylor's Late Bottled Vintage 2019 | La Petite Cave du Chablais\",\"isPartOf\":{\"@id\":\"https:\\\/\\\/petitecave.ch\\\/de\\\/#website\"},\"primaryImageOfPage\":{\"@id\":\"https:\\\/\\\/petitecave.ch\\\/product\\\/taylors-late-bottled-vintage-2019\\\/#primaryimage\"},\"image\":{\"@id\":\"https:\\\/\\\/petitecave.ch\\\/product\\\/taylors-late-bottled-vintage-2019\\\/#primaryimage\"},\"thumbnailUrl\":\"https:\\\/\\\/petitecave.ch\\\/wp-content\\\/uploads\\\/2025\\\/10\\\/Taylors-Port-Late-Bottled-Vintage-2019-37.5cl.png\",\"datePublished\":\"2025-10-28T10:59:20+00:00\",\"dateModified\":\"2026-07-20T15:48:41+00:00\",\"description\":\"D\u00e9couvre le Taylor's Late Bottled Vintage 2019, un Porto issu d'un mill\u00e9sime, \u00e9labor\u00e9 par l'une des maisons les plus prestigieuses de la vall\u00e9e du Douro.\",\"breadcrumb\":{\"@id\":\"https:\\\/\\\/petitecave.ch\\\/product\\\/taylors-late-bottled-vintage-2019\\\/#breadcrumb\"},\"inLanguage\":\"de-CH\",\"potentialAction\":[{\"@type\":\"ReadAction\",\"target\":[\"https:\\\/\\\/petitecave.ch\\\/product\\\/taylors-late-bottled-vintage-2019\\\/\"]}]},{\"@type\":\"ImageObject\",\"inLanguage\":\"de-CH\",\"@id\":\"https:\\\/\\\/petitecave.ch\\\/product\\\/taylors-late-bottled-vintage-2019\\\/#primaryimage\",\"url\":\"https:\\\/\\\/petitecave.ch\\\/wp-content\\\/uploads\\\/2025\\\/10\\\/Taylors-Port-Late-Bottled-Vintage-2019-37.5cl.png\",\"contentUrl\":\"https:\\\/\\\/petitecave.ch\\\/wp-content\\\/uploads\\\/2025\\\/10\\\/Taylors-Port-Late-Bottled-Vintage-2019-37.5cl.png\",\"width\":1000,\"height\":1000,\"caption\":\"Taylor's Port Late Bottled Vintage 2019 37.5cl\"},{\"@type\":\"BreadcrumbList\",\"@id\":\"https:\\\/\\\/petitecave.ch\\\/product\\\/taylors-late-bottled-vintage-2019\\\/#breadcrumb\",\"itemListElement\":[{\"@type\":\"ListItem\",\"position\":1,\"name\":\"Accueil\",\"item\":\"https:\\\/\\\/petitecave.ch\\\/\"},{\"@type\":\"ListItem\",\"position\":2,\"name\":\"Produkte\",\"item\":\"https:\\\/\\\/petitecave.ch\\\/de\\\/shop\\\/\"},{\"@type\":\"ListItem\",\"position\":3,\"name\":\"Taylor&rsquo;s Late Bottled Vintage 2019\"}]},{\"@type\":\"WebSite\",\"@id\":\"https:\\\/\\\/petitecave.ch\\\/de\\\/#website\",\"url\":\"https:\\\/\\\/petitecave.ch\\\/de\\\/\",\"name\":\"La Petite Cave du Chablais\",\"description\":\"Vins, bi\u00e8res et spiritueux en ligne !\",\"publisher\":{\"@id\":\"https:\\\/\\\/petitecave.ch\\\/de\\\/#organization\"},\"alternateName\":\"La Petite Cave\",\"potentialAction\":[{\"@type\":\"SearchAction\",\"target\":{\"@type\":\"EntryPoint\",\"urlTemplate\":\"https:\\\/\\\/petitecave.ch\\\/de\\\/?s={search_term_string}\"},\"query-input\":{\"@type\":\"PropertyValueSpecification\",\"valueRequired\":true,\"valueName\":\"search_term_string\"}}],\"inLanguage\":\"de-CH\"},{\"@type\":\"Organization\",\"@id\":\"https:\\\/\\\/petitecave.ch\\\/de\\\/#organization\",\"name\":\"La Petite Cave du Chablais S\u00e0rl\",\"url\":\"https:\\\/\\\/petitecave.ch\\\/de\\\/\",\"logo\":{\"@type\":\"ImageObject\",\"inLanguage\":\"de-CH\",\"@id\":\"https:\\\/\\\/petitecave.ch\\\/de\\\/#\\\/schema\\\/logo\\\/image\\\/\",\"url\":\"https:\\\/\\\/petitecave.ch\\\/wp-content\\\/uploads\\\/2025\\\/10\\\/petitecavelogo-removebg-preview.png\",\"contentUrl\":\"https:\\\/\\\/petitecave.ch\\\/wp-content\\\/uploads\\\/2025\\\/10\\\/petitecavelogo-removebg-preview.png\",\"width\":800,\"height\":200,\"caption\":\"La Petite Cave du Chablais S\u00e0rl\"},\"image\":{\"@id\":\"https:\\\/\\\/petitecave.ch\\\/de\\\/#\\\/schema\\\/logo\\\/image\\\/\"},\"sameAs\":[\"https:\\\/\\\/www.facebook.com\\\/LaPetiteCaveDuChablais\",\"https:\\\/\\\/www.instagram.com\\\/lapetitecaveduchablais\",\"https:\\\/\\\/www.linkedin.com\\\/company\\\/la-petite-cave-du-chablais\"]}]}<\/script>\n<!-- \/ Yoast SEO plugin. -->","yoast_head_json":{"title":"Taylor's Late Bottled Vintage 2019 | La Petite Cave du Chablais","description":"D\u00e9couvre le Taylor's Late Bottled Vintage 2019, un Porto issu d'un mill\u00e9sime, \u00e9labor\u00e9 par l'une des maisons les plus prestigieuses de la vall\u00e9e du Douro.","robots":{"index":"index","follow":"follow","max-snippet":"max-snippet:-1","max-image-preview":"max-image-preview:large","max-video-preview":"max-video-preview:-1"},"canonical":"https:\/\/petitecave.ch\/de\/product\/taylors-late-bottled-vintage-2019\/","og_locale":"de_DE","og_type":"article","og_title":"Taylor's Late Bottled Vintage 2019 | La Petite Cave du Chablais","og_description":"D\u00e9couvre le Taylor's Late Bottled Vintage 2019, un Porto issu d'un mill\u00e9sime, \u00e9labor\u00e9 par l'une des maisons les plus prestigieuses de la vall\u00e9e du Douro.","og_url":"https:\/\/petitecave.ch\/de\/product\/taylors-late-bottled-vintage-2019\/","og_site_name":"La Petite Cave du Chablais","article_publisher":"https:\/\/www.facebook.com\/LaPetiteCaveDuChablais","article_modified_time":"2026-07-20T15:48:41+00:00","og_image":[{"width":1000,"height":1000,"url":"https:\/\/petitecave.ch\/wp-content\/uploads\/2025\/10\/Taylors-Port-Late-Bottled-Vintage-2019-37.5cl.png","type":"image\/png"}],"twitter_card":"summary_large_image","twitter_misc":{"Gesch\u00e4tzte Lesezeit":"2\u00a0Minuten"},"schema":{"@context":"https:\/\/schema.org","@graph":[{"@type":"WebPage","@id":"https:\/\/petitecave.ch\/product\/taylors-late-bottled-vintage-2019\/","url":"https:\/\/petitecave.ch\/product\/taylors-late-bottled-vintage-2019\/","name":"Taylor's Late Bottled Vintage 2019 | La Petite Cave du Chablais","isPartOf":{"@id":"https:\/\/petitecave.ch\/de\/#website"},"primaryImageOfPage":{"@id":"https:\/\/petitecave.ch\/product\/taylors-late-bottled-vintage-2019\/#primaryimage"},"image":{"@id":"https:\/\/petitecave.ch\/product\/taylors-late-bottled-vintage-2019\/#primaryimage"},"thumbnailUrl":"https:\/\/petitecave.ch\/wp-content\/uploads\/2025\/10\/Taylors-Port-Late-Bottled-Vintage-2019-37.5cl.png","datePublished":"2025-10-28T10:59:20+00:00","dateModified":"2026-07-20T15:48:41+00:00","description":"D\u00e9couvre le Taylor's Late Bottled Vintage 2019, un Porto issu d'un mill\u00e9sime, \u00e9labor\u00e9 par l'une des maisons les plus prestigieuses de la vall\u00e9e du Douro.","breadcrumb":{"@id":"https:\/\/petitecave.ch\/product\/taylors-late-bottled-vintage-2019\/#breadcrumb"},"inLanguage":"de-CH","potentialAction":[{"@type":"ReadAction","target":["https:\/\/petitecave.ch\/product\/taylors-late-bottled-vintage-2019\/"]}]},{"@type":"ImageObject","inLanguage":"de-CH","@id":"https:\/\/petitecave.ch\/product\/taylors-late-bottled-vintage-2019\/#primaryimage","url":"https:\/\/petitecave.ch\/wp-content\/uploads\/2025\/10\/Taylors-Port-Late-Bottled-Vintage-2019-37.5cl.png","contentUrl":"https:\/\/petitecave.ch\/wp-content\/uploads\/2025\/10\/Taylors-Port-Late-Bottled-Vintage-2019-37.5cl.png","width":1000,"height":1000,"caption":"Taylor's Port Late Bottled Vintage 2019 37.5cl"},{"@type":"BreadcrumbList","@id":"https:\/\/petitecave.ch\/product\/taylors-late-bottled-vintage-2019\/#breadcrumb","itemListElement":[{"@type":"ListItem","position":1,"name":"Accueil","item":"https:\/\/petitecave.ch\/"},{"@type":"ListItem","position":2,"name":"Produkte","item":"https:\/\/petitecave.ch\/de\/shop\/"},{"@type":"ListItem","position":3,"name":"Taylor&rsquo;s Late Bottled Vintage 2019"}]},{"@type":"WebSite","@id":"https:\/\/petitecave.ch\/de\/#website","url":"https:\/\/petitecave.ch\/de\/","name":"Die kleine Keller des Chablais","description":"Vins, bi\u00e8res et spiritueux en ligne !","publisher":{"@id":"https:\/\/petitecave.ch\/de\/#organization"},"alternateName":"La Petite Cave","potentialAction":[{"@type":"SearchAction","target":{"@type":"EntryPoint","urlTemplate":"https:\/\/petitecave.ch\/de\/?s={search_term_string}"},"query-input":{"@type":"PropertyValueSpecification","valueRequired":true,"valueName":"search_term_string"}}],"inLanguage":"de-CH"},{"@type":"Organization","@id":"https:\/\/petitecave.ch\/de\/#organization","name":"La Petite Cave du Chablais S\u00e0rl","url":"https:\/\/petitecave.ch\/de\/","logo":{"@type":"ImageObject","inLanguage":"de-CH","@id":"https:\/\/petitecave.ch\/de\/#\/schema\/logo\/image\/","url":"https:\/\/petitecave.ch\/wp-content\/uploads\/2025\/10\/petitecavelogo-removebg-preview.png","contentUrl":"https:\/\/petitecave.ch\/wp-content\/uploads\/2025\/10\/petitecavelogo-removebg-preview.png","width":800,"height":200,"caption":"La Petite Cave du Chablais S\u00e0rl"},"image":{"@id":"https:\/\/petitecave.ch\/de\/#\/schema\/logo\/image\/"},"sameAs":["https:\/\/www.facebook.com\/LaPetiteCaveDuChablais","https:\/\/www.instagram.com\/lapetitecaveduchablais","https:\/\/www.linkedin.com\/company\/la-petite-cave-du-chablais"]}]}},"_links":{"self":[{"href":"https:\/\/petitecave.ch\/de\/wp-json\/wp\/v2\/product\/10499","targetHints":{"allow":["GET"]}}],"collection":[{"href":"https:\/\/petitecave.ch\/de\/wp-json\/wp\/v2\/product"}],"about":[{"href":"https:\/\/petitecave.ch\/de\/wp-json\/wp\/v2\/types\/product"}],"replies":[{"embeddable":true,"href":"https:\/\/petitecave.ch\/de\/wp-json\/wp\/v2\/comments?post=10499"}],"wp:featuredmedia":[{"embeddable":true,"href":"https:\/\/petitecave.ch\/de\/wp-json\/wp\/v2\/media\/20461"}],"wp:attachment":[{"href":"https:\/\/petitecave.ch\/de\/wp-json\/wp\/v2\/media?parent=10499"}],"wp:term":[{"taxonomy":"product_cat","embeddable":true,"href":"https:\/\/petitecave.ch\/de\/wp-json\/wp\/v2\/product_cat?post=10499"},{"taxonomy":"product_tag","embeddable":true,"href":"https:\/\/petitecave.ch\/de\/wp-json\/wp\/v2\/product_tag?post=10499"}],"curies":[{"name":"wp","href":"https:\/\/api.w.org\/{rel}","templated":true}]}}